{"id":154,"date":"2019-03-27T13:13:00","date_gmt":"2019-03-27T13:13:00","guid":{"rendered":"https:\/\/franciscansinternational.kinsta.cloud\/de\/?post_type=reflection&#038;p=154"},"modified":"2023-03-10T13:29:39","modified_gmt":"2023-03-10T13:29:39","slug":"fastenreflexionen-betrachtet-mit-hilfe-des-mandalas-des-hl-niklaus-von-fluee","status":"publish","type":"reflection","link":"https:\/\/franciscansinternational.org\/de\/reflection\/fastenreflexionen-betrachtet-mit-hilfe-des-mandalas-des-hl-niklaus-von-fluee\/","title":{"rendered":"Fastenreflexionen: Das \u00abMandalas\u00bb des hl. Niklaus von Fl\u00fce"},"content":{"rendered":"\n<p>Das hier vorliegende \u00abMandala\u00bb oder \u00abT\u00fcchli\u00bb, wie es in der Schweiz genannt wird, stammt aus dem 15. Jahrhundert und geht zur\u00fcck auf Gedanken des Schweizer Friedensheiligen Niklaus von Fl\u00fce.<\/p>\n\n\n\n<p>Die Anordnung der Bilder und die ausgew\u00e4hlten Szenen orientieren sich am \u2018Vater Unser\u2019. &nbsp;Die dem Bild zugrundeliegende Struktur ist ein Rad mit sechs Speichen. Es stellt den Lauf der Zeit dar, d.h. die Geschichte der Welt und des Menschen. Gott ist sowohl im Mittelpunkt des Rades abgebildet als \u2018unbewegter Beweger\u2019 als auch in den einzelnen Szenen selbst. Durch sein Eingreifen in die Geschichte wird sie zur Heilsgeschichte. Dabei ist der Mensch nicht nur \u00abObjekt\u00bb der Heilsgeschichte, sondern auch aktives \u00abSubjekt\u00bb. Durch die Werke der Barmherzigkeit, dargestellt durch die verschiedenen Symbole in den einzelnen Szenen, wirkt der Mensch heilend in der Geschichte.<\/p>\n\n\n\n<p>Nach den unheilvollen Erfahrungen des Ersten und Zweiten Weltkrieges wurden vor genau 70 Jahren von den \u00abVereinten Nationen\u00bb die \u2018Allgemeine Erkl\u00e4rung der Menschenrechte\u2019 verfasst, in der Hoffnung, die Menschheit zuk\u00fcnftig vor solchem Leid zu bewahren.<\/p>\n\n\n\n<p>Barmherzigkeit und Recht bedingen einander. Ohne die Anerkennung der Rechte der Menschen kann Barmherzigkeit zur Dem\u00fctigung anderer f\u00fchren. Ohne Barmherzigkeit k\u00f6nnen Rechte lieblos werden. Beide, Recht und Barmherzigkeit, gr\u00fcnden in der \u00dcberzeugung der unbedingten und unver\u00e4u\u00dferlichen W\u00fcrde eines jeden Menschen. Wo die Achtung der Menschenrechte und die Werke der Barmherzigkeit Hand in Hand wirken, wird Geschichte zur Heilsgeschichte.<\/p>\n\n\n\n<p>Diese vorliegende Betrachtung nimmt neben den dargestellten Szenen Schwestern und Br\u00fcder der Franziskanischen Familie aus unserer Zeit in den Blick, die sich neben ihrer barmherzigen Zuwendung zu den Menschen mit Franciscans International f\u00fcr die Achtung der Menschenrechte engagieren.<\/p>\n\n\n\n<p>Vereinen wir uns mit ihnen im Gebet, damit Gottes Reich komme und sein Wille geschehe, wie im Himmel, so auf Erden.<\/p>\n\n\n\n<div data-wp-interactive=\"core\/file\" class=\"wp-block-file\"><object data-wp-bind--hidden=\"!state.hasPdfPreview\" hidden class=\"wp-block-file__embed\" data=\"https:\/\/franciscansinternational.org\/wp-content\/uploads\/sites\/4\/2023\/03\/Lenten-2019-GER.pdf\" type=\"application\/pdf\" style=\"width:100%;height:600px\" aria-label=\"Einbettung von Lenten-2019-GER.\"><\/object><a id=\"wp-block-file--media-7ce722d1-3ee7-4341-ab81-d17391abb890\" href=\"https:\/\/franciscansinternational.org\/wp-content\/uploads\/sites\/4\/2023\/03\/Lenten-2019-GER.pdf\">Lenten-2019-GER<\/a><a href=\"https:\/\/franciscansinternational.org\/wp-content\/uploads\/sites\/4\/2023\/03\/Lenten-2019-GER.pdf\" class=\"wp-block-file__button wp-element-button\" download aria-describedby=\"wp-block-file--media-7ce722d1-3ee7-4341-ab81-d17391abb890\">Herunterladen<\/a><\/div>\n","protected":false},"excerpt":{"rendered":"<p>Das hier vorliegende \u00abMandala\u00bb oder \u00abT\u00fcchli\u00bb, wie es in der Schweiz genannt wird, stammt aus dem 15. Jahrhundert und geht &#8230; <\/p>\n","protected":false},"featured_media":156,"template":"","class_list":["post-154","reflection","type-reflection","status-publish","has-post-thumbnail","hentry"],"acf":[],"yoast_head":"<!-- This site is optimized with the Yoast SEO plugin v27.5 - https:\/\/yoast.com\/product\/yoast-seo-wordpress\/ -->\n<title>Fastenreflexionen: Das \u00abMandalas\u00bb des hl. Niklaus von Fl\u00fce - Franciscans International (DE)<\/title>\n<meta name=\"robots\" content=\"index, follow, max-snippet:-1, max-image-preview:large, max-video-preview:-1\" \/>\n<link rel=\"canonical\" href=\"https:\/\/franciscansinternational.org\/de\/reflection\/fastenreflexionen-betrachtet-mit-hilfe-des-mandalas-des-hl-niklaus-von-fluee\/\" \/>\n<meta property=\"og:locale\" content=\"de_DE\" \/>\n<meta property=\"og:type\" content=\"article\" \/>\n<meta property=\"og:title\" content=\"Fastenreflexionen: Das \u00abMandalas\u00bb des hl. Niklaus von Fl\u00fce - Franciscans International (DE)\" \/>\n<meta property=\"og:description\" content=\"Das hier vorliegende \u00abMandala\u00bb oder \u00abT\u00fcchli\u00bb, wie es in der Schweiz genannt wird, stammt aus dem 15. Jahrhundert und geht ...\" \/>\n<meta property=\"og:url\" content=\"https:\/\/franciscansinternational.org\/de\/reflection\/fastenreflexionen-betrachtet-mit-hilfe-des-mandalas-des-hl-niklaus-von-fluee\/\" \/>\n<meta property=\"og:site_name\" content=\"Franciscans International (DE)\" \/>\n<meta property=\"article:publisher\" content=\"https:\/\/www.facebook.com\/FranciscansInternational\/\" \/>\n<meta property=\"article:modified_time\" content=\"2023-03-10T13:29:39+00:00\" \/>\n<meta property=\"og:image\" content=\"https:\/\/franciscansinternational.org\/wp-content\/uploads\/sites\/4\/2023\/03\/Lent2019-scaled.jpg\" \/>\n\t<meta property=\"og:image:width\" content=\"2560\" \/>\n\t<meta property=\"og:image:height\" content=\"1440\" \/>\n\t<meta property=\"og:image:type\" content=\"image\/jpeg\" \/>\n<meta name=\"twitter:card\" content=\"summary_large_image\" \/>\n<meta name=\"twitter:site\" content=\"@FranciscansIntl\" \/>\n<meta name=\"twitter:label1\" content=\"Gesch\u00e4tzte Lesezeit\" \/>\n\t<meta name=\"twitter:data1\" content=\"2\u00a0Minuten\" \/>\n<script type=\"application\/ld+json\" class=\"yoast-schema-graph\">{\"@context\":\"https:\\\/\\\/schema.org\",\"@graph\":[{\"@type\":\"WebPage\",\"@id\":\"https:\\\/\\\/franciscansinternational.org\\\/de\\\/reflection\\\/fastenreflexionen-betrachtet-mit-hilfe-des-mandalas-des-hl-niklaus-von-fluee\\\/\",\"url\":\"https:\\\/\\\/franciscansinternational.org\\\/de\\\/reflection\\\/fastenreflexionen-betrachtet-mit-hilfe-des-mandalas-des-hl-niklaus-von-fluee\\\/\",\"name\":\"Fastenreflexionen: Das \u00abMandalas\u00bb des hl. Niklaus von Fl\u00fce - Franciscans International (DE)\",\"isPartOf\":{\"@id\":\"https:\\\/\\\/franciscansinternational.org\\\/de\\\/#website\"},\"primaryImageOfPage\":{\"@id\":\"https:\\\/\\\/franciscansinternational.org\\\/de\\\/reflection\\\/fastenreflexionen-betrachtet-mit-hilfe-des-mandalas-des-hl-niklaus-von-fluee\\\/#primaryimage\"},\"image\":{\"@id\":\"https:\\\/\\\/franciscansinternational.org\\\/de\\\/reflection\\\/fastenreflexionen-betrachtet-mit-hilfe-des-mandalas-des-hl-niklaus-von-fluee\\\/#primaryimage\"},\"thumbnailUrl\":\"https:\\\/\\\/franciscansinternational.org\\\/de\\\/wp-content\\\/uploads\\\/sites\\\/4\\\/2023\\\/03\\\/Lent2019-scaled.jpg\",\"datePublished\":\"2019-03-27T13:13:00+00:00\",\"dateModified\":\"2023-03-10T13:29:39+00:00\",\"breadcrumb\":{\"@id\":\"https:\\\/\\\/franciscansinternational.org\\\/de\\\/reflection\\\/fastenreflexionen-betrachtet-mit-hilfe-des-mandalas-des-hl-niklaus-von-fluee\\\/#breadcrumb\"},\"inLanguage\":\"de\",\"potentialAction\":[{\"@type\":\"ReadAction\",\"target\":[\"https:\\\/\\\/franciscansinternational.org\\\/de\\\/reflection\\\/fastenreflexionen-betrachtet-mit-hilfe-des-mandalas-des-hl-niklaus-von-fluee\\\/\"]}]},{\"@type\":\"ImageObject\",\"inLanguage\":\"de\",\"@id\":\"https:\\\/\\\/franciscansinternational.org\\\/de\\\/reflection\\\/fastenreflexionen-betrachtet-mit-hilfe-des-mandalas-des-hl-niklaus-von-fluee\\\/#primaryimage\",\"url\":\"https:\\\/\\\/franciscansinternational.org\\\/de\\\/wp-content\\\/uploads\\\/sites\\\/4\\\/2023\\\/03\\\/Lent2019-scaled.jpg\",\"contentUrl\":\"https:\\\/\\\/franciscansinternational.org\\\/de\\\/wp-content\\\/uploads\\\/sites\\\/4\\\/2023\\\/03\\\/Lent2019-scaled.jpg\",\"width\":2560,\"height\":1440},{\"@type\":\"BreadcrumbList\",\"@id\":\"https:\\\/\\\/franciscansinternational.org\\\/de\\\/reflection\\\/fastenreflexionen-betrachtet-mit-hilfe-des-mandalas-des-hl-niklaus-von-fluee\\\/#breadcrumb\",\"itemListElement\":[{\"@type\":\"ListItem\",\"position\":1,\"name\":\"Home\",\"item\":\"https:\\\/\\\/franciscansinternational.org\\\/de\\\/\"},{\"@type\":\"ListItem\",\"position\":2,\"name\":\"Spirituelle Reflektionen\",\"item\":\"https:\\\/\\\/franciscansinternational.org\\\/de\\\/reflection\\\/\"},{\"@type\":\"ListItem\",\"position\":3,\"name\":\"Fastenreflexionen: Das \u00abMandalas\u00bb des hl. Niklaus von Fl\u00fce\"}]},{\"@type\":\"WebSite\",\"@id\":\"https:\\\/\\\/franciscansinternational.org\\\/de\\\/#website\",\"url\":\"https:\\\/\\\/franciscansinternational.org\\\/de\\\/\",\"name\":\"Franciscans International (DE)\",\"description\":\"Just another Franciscans International site\",\"publisher\":{\"@id\":\"https:\\\/\\\/franciscansinternational.org\\\/de\\\/#organization\"},\"potentialAction\":[{\"@type\":\"SearchAction\",\"target\":{\"@type\":\"EntryPoint\",\"urlTemplate\":\"https:\\\/\\\/franciscansinternational.org\\\/de\\\/?s={search_term_string}\"},\"query-input\":{\"@type\":\"PropertyValueSpecification\",\"valueRequired\":true,\"valueName\":\"search_term_string\"}}],\"inLanguage\":\"de\"},{\"@type\":\"Organization\",\"@id\":\"https:\\\/\\\/franciscansinternational.org\\\/de\\\/#organization\",\"name\":\"Franciscans International (DE)\",\"url\":\"https:\\\/\\\/franciscansinternational.org\\\/de\\\/\",\"logo\":{\"@type\":\"ImageObject\",\"inLanguage\":\"de\",\"@id\":\"https:\\\/\\\/franciscansinternational.org\\\/de\\\/#\\\/schema\\\/logo\\\/image\\\/\",\"url\":\"https:\\\/\\\/franciscansinternational.org\\\/wp-content\\\/uploads\\\/sites\\\/4\\\/2023\\\/05\\\/logo-3.png\",\"contentUrl\":\"https:\\\/\\\/franciscansinternational.org\\\/wp-content\\\/uploads\\\/sites\\\/4\\\/2023\\\/05\\\/logo-3.png\",\"width\":1200,\"height\":205,\"caption\":\"Franciscans International (DE)\"},\"image\":{\"@id\":\"https:\\\/\\\/franciscansinternational.org\\\/de\\\/#\\\/schema\\\/logo\\\/image\\\/\"},\"sameAs\":[\"https:\\\/\\\/www.facebook.com\\\/FranciscansInternational\\\/\",\"https:\\\/\\\/x.com\\\/FranciscansIntl\",\"https:\\\/\\\/www.youtube.com\\\/channel\\\/UCexu0i-fWB4wwrlPMCz8_Zg\"]}]}<\/script>\n<!-- \/ Yoast SEO plugin. -->","yoast_head_json":{"title":"Fastenreflexionen: Das \u00abMandalas\u00bb des hl. Niklaus von Fl\u00fce - Franciscans International (DE)","robots":{"index":"index","follow":"follow","max-snippet":"max-snippet:-1","max-image-preview":"max-image-preview:large","max-video-preview":"max-video-preview:-1"},"canonical":"https:\/\/franciscansinternational.org\/de\/reflection\/fastenreflexionen-betrachtet-mit-hilfe-des-mandalas-des-hl-niklaus-von-fluee\/","og_locale":"de_DE","og_type":"article","og_title":"Fastenreflexionen: Das \u00abMandalas\u00bb des hl. Niklaus von Fl\u00fce - Franciscans International (DE)","og_description":"Das hier vorliegende \u00abMandala\u00bb oder \u00abT\u00fcchli\u00bb, wie es in der Schweiz genannt wird, stammt aus dem 15. Jahrhundert und geht ...","og_url":"https:\/\/franciscansinternational.org\/de\/reflection\/fastenreflexionen-betrachtet-mit-hilfe-des-mandalas-des-hl-niklaus-von-fluee\/","og_site_name":"Franciscans International (DE)","article_publisher":"https:\/\/www.facebook.com\/FranciscansInternational\/","article_modified_time":"2023-03-10T13:29:39+00:00","og_image":[{"width":2560,"height":1440,"url":"https:\/\/franciscansinternational.org\/wp-content\/uploads\/sites\/4\/2023\/03\/Lent2019-scaled.jpg","type":"image\/jpeg"}],"twitter_card":"summary_large_image","twitter_site":"@FranciscansIntl","twitter_misc":{"Gesch\u00e4tzte Lesezeit":"2\u00a0Minuten"},"schema":{"@context":"https:\/\/schema.org","@graph":[{"@type":"WebPage","@id":"https:\/\/franciscansinternational.org\/de\/reflection\/fastenreflexionen-betrachtet-mit-hilfe-des-mandalas-des-hl-niklaus-von-fluee\/","url":"https:\/\/franciscansinternational.org\/de\/reflection\/fastenreflexionen-betrachtet-mit-hilfe-des-mandalas-des-hl-niklaus-von-fluee\/","name":"Fastenreflexionen: Das \u00abMandalas\u00bb des hl. Niklaus von Fl\u00fce - Franciscans International (DE)","isPartOf":{"@id":"https:\/\/franciscansinternational.org\/de\/#website"},"primaryImageOfPage":{"@id":"https:\/\/franciscansinternational.org\/de\/reflection\/fastenreflexionen-betrachtet-mit-hilfe-des-mandalas-des-hl-niklaus-von-fluee\/#primaryimage"},"image":{"@id":"https:\/\/franciscansinternational.org\/de\/reflection\/fastenreflexionen-betrachtet-mit-hilfe-des-mandalas-des-hl-niklaus-von-fluee\/#primaryimage"},"thumbnailUrl":"https:\/\/franciscansinternational.org\/de\/wp-content\/uploads\/sites\/4\/2023\/03\/Lent2019-scaled.jpg","datePublished":"2019-03-27T13:13:00+00:00","dateModified":"2023-03-10T13:29:39+00:00","breadcrumb":{"@id":"https:\/\/franciscansinternational.org\/de\/reflection\/fastenreflexionen-betrachtet-mit-hilfe-des-mandalas-des-hl-niklaus-von-fluee\/#breadcrumb"},"inLanguage":"de","potentialAction":[{"@type":"ReadAction","target":["https:\/\/franciscansinternational.org\/de\/reflection\/fastenreflexionen-betrachtet-mit-hilfe-des-mandalas-des-hl-niklaus-von-fluee\/"]}]},{"@type":"ImageObject","inLanguage":"de","@id":"https:\/\/franciscansinternational.org\/de\/reflection\/fastenreflexionen-betrachtet-mit-hilfe-des-mandalas-des-hl-niklaus-von-fluee\/#primaryimage","url":"https:\/\/franciscansinternational.org\/de\/wp-content\/uploads\/sites\/4\/2023\/03\/Lent2019-scaled.jpg","contentUrl":"https:\/\/franciscansinternational.org\/de\/wp-content\/uploads\/sites\/4\/2023\/03\/Lent2019-scaled.jpg","width":2560,"height":1440},{"@type":"BreadcrumbList","@id":"https:\/\/franciscansinternational.org\/de\/reflection\/fastenreflexionen-betrachtet-mit-hilfe-des-mandalas-des-hl-niklaus-von-fluee\/#breadcrumb","itemListElement":[{"@type":"ListItem","position":1,"name":"Home","item":"https:\/\/franciscansinternational.org\/de\/"},{"@type":"ListItem","position":2,"name":"Spirituelle Reflektionen","item":"https:\/\/franciscansinternational.org\/de\/reflection\/"},{"@type":"ListItem","position":3,"name":"Fastenreflexionen: Das \u00abMandalas\u00bb des hl. Niklaus von Fl\u00fce"}]},{"@type":"WebSite","@id":"https:\/\/franciscansinternational.org\/de\/#website","url":"https:\/\/franciscansinternational.org\/de\/","name":"Franciscans International (DE)","description":"Just another Franciscans International site","publisher":{"@id":"https:\/\/franciscansinternational.org\/de\/#organization"},"potentialAction":[{"@type":"SearchAction","target":{"@type":"EntryPoint","urlTemplate":"https:\/\/franciscansinternational.org\/de\/?s={search_term_string}"},"query-input":{"@type":"PropertyValueSpecification","valueRequired":true,"valueName":"search_term_string"}}],"inLanguage":"de"},{"@type":"Organization","@id":"https:\/\/franciscansinternational.org\/de\/#organization","name":"Franciscans International (DE)","url":"https:\/\/franciscansinternational.org\/de\/","logo":{"@type":"ImageObject","inLanguage":"de","@id":"https:\/\/franciscansinternational.org\/de\/#\/schema\/logo\/image\/","url":"https:\/\/franciscansinternational.org\/wp-content\/uploads\/sites\/4\/2023\/05\/logo-3.png","contentUrl":"https:\/\/franciscansinternational.org\/wp-content\/uploads\/sites\/4\/2023\/05\/logo-3.png","width":1200,"height":205,"caption":"Franciscans International (DE)"},"image":{"@id":"https:\/\/franciscansinternational.org\/de\/#\/schema\/logo\/image\/"},"sameAs":["https:\/\/www.facebook.com\/FranciscansInternational\/","https:\/\/x.com\/FranciscansIntl","https:\/\/www.youtube.com\/channel\/UCexu0i-fWB4wwrlPMCz8_Zg"]}]}},"jetpack_sharing_enabled":true,"_links":{"self":[{"href":"https:\/\/franciscansinternational.org\/de\/wp-json\/wp\/v2\/reflection\/154","targetHints":{"allow":["GET"]}}],"collection":[{"href":"https:\/\/franciscansinternational.org\/de\/wp-json\/wp\/v2\/reflection"}],"about":[{"href":"https:\/\/franciscansinternational.org\/de\/wp-json\/wp\/v2\/types\/reflection"}],"version-history":[{"count":5,"href":"https:\/\/franciscansinternational.org\/de\/wp-json\/wp\/v2\/reflection\/154\/revisions"}],"predecessor-version":[{"id":161,"href":"https:\/\/franciscansinternational.org\/de\/wp-json\/wp\/v2\/reflection\/154\/revisions\/161"}],"wp:featuredmedia":[{"embeddable":true,"href":"https:\/\/franciscansinternational.org\/de\/wp-json\/wp\/v2\/media\/156"}],"wp:attachment":[{"href":"https:\/\/franciscansinternational.org\/de\/wp-json\/wp\/v2\/media?parent=154"}],"curies":[{"name":"wp","href":"https:\/\/api.w.org\/{rel}","templated":true}]}}