{"id":162,"date":"2018-02-14T13:47:00","date_gmt":"2018-02-14T13:47:00","guid":{"rendered":"https:\/\/franciscansinternational.kinsta.cloud\/de\/?post_type=reflection&#038;p=162"},"modified":"2023-03-10T13:49:32","modified_gmt":"2023-03-10T13:49:32","slug":"fastenreflexionen-sieben-letzte-worte-sieben-taten","status":"publish","type":"reflection","link":"https:\/\/franciscansinternational.org\/de\/reflection\/fastenreflexionen-sieben-letzte-worte-sieben-taten\/","title":{"rendered":"Fastenreflexionen: Sieben letzte Worte, Sieben Taten"},"content":{"rendered":"\n<p>Die \u00bbSieben letzten Worte\u00ab beziehen sich auf die letzten Worte Jesu am Kreuz. Traditionell in der Fastenzeit gebetet, erm\u00f6glichen sie den Gl\u00e4ubigen, den Leidensweg und das Sterben Christi zu meditieren und sich damit zu identifizieren.<\/p>\n\n\n\n<p>Franciscans International bietet eine zeitgem\u00e4\u00dfe Interpretation dieser Fastentradition und betrachtet die letzten Worte Jesu durch die \u201eBrille der Migrationserfahrung\u201c. Wie Jesus von Nazareth, der unmenschliche Grausamkeit ertragen hat, erleben heute viele Migranten und Fl\u00fcchtlinge, dass ihnen das Menschsein abgesprochen wird. Urs\u00e4chlich sind unter anderem Gewalt und Armut, ungerechte Gesetze und eine unzureichende Einwanderungspolitik sowie Fremdenfeindlichkeit und Rassismus. Im Jahr 2017 erreichte die internationale Migration ein Rekordhoch: Sch\u00e4tzungsweise 258 Millionen Menschen leben in einem anderen Land als ihrem Geburtsland (Vereinte Nationen, Migrationsbericht 2017).<\/p>\n\n\n\n<p>Angesichts dieser Situation sah sich Papst Franziskus gezwungen, seine \u201ebesondere Besorgnis zum Ausdruck zu bringen hinsichtlich der Tatsache, dass viele zeitgen\u00f6ssische Migrationsfl\u00fcsse Zwangsmigrationen sind\u201c und forderte \u201eauf diese Herausforderungen noch unverz\u00fcglicher auf koordinierte, effiziente Weise zu antworten.\u201c (Forum zu Migration und Frieden 2017). Er bekr\u00e4ftigte: \u201eMan k\u00f6nnte unsere gemeinsame Antwort in vier Verben aufgliedern: aufnehmen, sch\u00fctzen, f\u00f6rdern und integrieren.\u201c (Papst Franziskus, Forum f\u00fcr Migration und Frieden 2017). Damit formuliert der Papst eine Einladung an die Gl\u00e4ubigen, sich auf das Problem der Migration in einer gerechten, mitf\u00fchlenden und umfassenden Art und Weise einzulassen.<\/p>\n\n\n\n<p>Mit \u00e4hnlicher Absicht haben die Vereinten Nationen, einen globalen Pakt f\u00fcr eine sichere, geordnete und regul\u00e4re Migration ins Leben gerufen, der das erste zwischenstaatliche Abkommen sein wird, das sich mit internationaler Migration befasst. Verschiedene Akteure, darunter Nichtregierungsorganisationen wie FI, setzen sich gegenw\u00e4rtig daf\u00fcr ein, dass diesem globalen Pakt ein ganzheitlicher, auf Rechten basierter Migrationsansatz zugrunde liegt.<\/p>\n\n\n\n<p>Indem wir die Passion Christi durch die \u201eBrille der Migrationserfahrung\u201c betrachten, gelingt uns eine in die Tiefe gehende, spirituell gepr\u00e4gte Begegnung mit der bitteren Wirklichkeit unserer Geschwister, die Migration und Flucht erlitten haben. Die Hinwendung zu ihrer Realit\u00e4t l\u00e4sst uns Antworten finden auf brennende Fragen unserer Zeit.<\/p>\n\n\n\n<p>Die hier vorgeschlagenen sieben Handlungsanregungen, die von der Erkl\u00e4rung des Heiligen Stuhls inspiriert wurden, setzen an der Situation von Fl\u00fcchtlingen und Migranten an. \u00c4hnliches hatten zuvor bereits die \u00bbZwanzig Aktionspunkte\u00ab , und \u00bbJetzt und Wie \u2013 Zehn Taten f\u00fcr den globalen Pakt\u00ab , die aus der Zivilgesellschaft heraus entstanden waren, versucht. Den hier nun von FI vorgeschlagenen sieben allt\u00e4glichen Handlungsvorschl\u00e4gen k\u00f6nnen alle Gl\u00e4ubigen und alle Menschen guten Willens Folge leisten, um die W\u00fcrde und die Menschenrechte unserer Schwestern und Br\u00fcder zu sch\u00fctzen.<\/p>\n\n\n\n<div data-wp-interactive=\"core\/file\" class=\"wp-block-file\"><object data-wp-bind--hidden=\"!state.hasPdfPreview\" hidden class=\"wp-block-file__embed\" data=\"https:\/\/franciscansinternational.org\/wp-content\/uploads\/sites\/4\/2023\/03\/Lent_2018_-_Seven_Last_Words_-_DE.pdf\" type=\"application\/pdf\" style=\"width:100%;height:600px\" aria-label=\"Einbettung von Lent_2018_-_Seven_Last_Words_-_DE.\"><\/object><a id=\"wp-block-file--media-b6ec5d6e-0773-48e3-b0b4-7d0c1905ec1a\" href=\"https:\/\/franciscansinternational.org\/wp-content\/uploads\/sites\/4\/2023\/03\/Lent_2018_-_Seven_Last_Words_-_DE.pdf\">Lent_2018_-_Seven_Last_Words_-_DE<\/a><a href=\"https:\/\/franciscansinternational.org\/wp-content\/uploads\/sites\/4\/2023\/03\/Lent_2018_-_Seven_Last_Words_-_DE.pdf\" class=\"wp-block-file__button wp-element-button\" download aria-describedby=\"wp-block-file--media-b6ec5d6e-0773-48e3-b0b4-7d0c1905ec1a\">Herunterladen<\/a><\/div>\n","protected":false},"excerpt":{"rendered":"<p>Die \u00bbSieben letzten Worte\u00ab beziehen sich auf die letzten Worte Jesu am Kreuz. Traditionell in der Fastenzeit gebetet, erm\u00f6glichen sie &#8230; <\/p>\n","protected":false},"featured_media":164,"template":"","class_list":["post-162","reflection","type-reflection","status-publish","has-post-thumbnail","hentry"],"acf":[],"yoast_head":"<!-- This site is optimized with the Yoast SEO plugin v27.5 - https:\/\/yoast.com\/product\/yoast-seo-wordpress\/ -->\n<title>Fastenreflexionen: Sieben letzte Worte, Sieben Taten - Franciscans International (DE)<\/title>\n<meta name=\"robots\" content=\"index, follow, max-snippet:-1, max-image-preview:large, max-video-preview:-1\" \/>\n<link rel=\"canonical\" href=\"https:\/\/franciscansinternational.org\/de\/reflection\/fastenreflexionen-sieben-letzte-worte-sieben-taten\/\" \/>\n<meta property=\"og:locale\" content=\"de_DE\" \/>\n<meta property=\"og:type\" content=\"article\" \/>\n<meta property=\"og:title\" content=\"Fastenreflexionen: Sieben letzte Worte, Sieben Taten - Franciscans International (DE)\" \/>\n<meta property=\"og:description\" content=\"Die \u00bbSieben letzten Worte\u00ab beziehen sich auf die letzten Worte Jesu am Kreuz. Traditionell in der Fastenzeit gebetet, erm\u00f6glichen sie ...\" \/>\n<meta property=\"og:url\" content=\"https:\/\/franciscansinternational.org\/de\/reflection\/fastenreflexionen-sieben-letzte-worte-sieben-taten\/\" \/>\n<meta property=\"og:site_name\" content=\"Franciscans International (DE)\" \/>\n<meta property=\"article:publisher\" content=\"https:\/\/www.facebook.com\/FranciscansInternational\/\" \/>\n<meta property=\"article:modified_time\" content=\"2023-03-10T13:49:32+00:00\" \/>\n<meta property=\"og:image\" content=\"https:\/\/franciscansinternational.org\/wp-content\/uploads\/sites\/4\/2023\/03\/20180214-LentenReflections.jpg\" \/>\n\t<meta property=\"og:image:width\" content=\"1213\" \/>\n\t<meta property=\"og:image:height\" content=\"758\" \/>\n\t<meta property=\"og:image:type\" content=\"image\/jpeg\" \/>\n<meta name=\"twitter:card\" content=\"summary_large_image\" \/>\n<meta name=\"twitter:site\" content=\"@FranciscansIntl\" \/>\n<meta name=\"twitter:label1\" content=\"Gesch\u00e4tzte Lesezeit\" \/>\n\t<meta name=\"twitter:data1\" content=\"3\u00a0Minuten\" \/>\n<script type=\"application\/ld+json\" class=\"yoast-schema-graph\">{\"@context\":\"https:\\\/\\\/schema.org\",\"@graph\":[{\"@type\":\"WebPage\",\"@id\":\"https:\\\/\\\/franciscansinternational.org\\\/de\\\/reflection\\\/fastenreflexionen-sieben-letzte-worte-sieben-taten\\\/\",\"url\":\"https:\\\/\\\/franciscansinternational.org\\\/de\\\/reflection\\\/fastenreflexionen-sieben-letzte-worte-sieben-taten\\\/\",\"name\":\"Fastenreflexionen: Sieben letzte Worte, Sieben Taten - Franciscans International (DE)\",\"isPartOf\":{\"@id\":\"https:\\\/\\\/franciscansinternational.org\\\/de\\\/#website\"},\"primaryImageOfPage\":{\"@id\":\"https:\\\/\\\/franciscansinternational.org\\\/de\\\/reflection\\\/fastenreflexionen-sieben-letzte-worte-sieben-taten\\\/#primaryimage\"},\"image\":{\"@id\":\"https:\\\/\\\/franciscansinternational.org\\\/de\\\/reflection\\\/fastenreflexionen-sieben-letzte-worte-sieben-taten\\\/#primaryimage\"},\"thumbnailUrl\":\"https:\\\/\\\/franciscansinternational.org\\\/de\\\/wp-content\\\/uploads\\\/sites\\\/4\\\/2023\\\/03\\\/20180214-LentenReflections.jpg\",\"datePublished\":\"2018-02-14T13:47:00+00:00\",\"dateModified\":\"2023-03-10T13:49:32+00:00\",\"breadcrumb\":{\"@id\":\"https:\\\/\\\/franciscansinternational.org\\\/de\\\/reflection\\\/fastenreflexionen-sieben-letzte-worte-sieben-taten\\\/#breadcrumb\"},\"inLanguage\":\"de\",\"potentialAction\":[{\"@type\":\"ReadAction\",\"target\":[\"https:\\\/\\\/franciscansinternational.org\\\/de\\\/reflection\\\/fastenreflexionen-sieben-letzte-worte-sieben-taten\\\/\"]}]},{\"@type\":\"ImageObject\",\"inLanguage\":\"de\",\"@id\":\"https:\\\/\\\/franciscansinternational.org\\\/de\\\/reflection\\\/fastenreflexionen-sieben-letzte-worte-sieben-taten\\\/#primaryimage\",\"url\":\"https:\\\/\\\/franciscansinternational.org\\\/de\\\/wp-content\\\/uploads\\\/sites\\\/4\\\/2023\\\/03\\\/20180214-LentenReflections.jpg\",\"contentUrl\":\"https:\\\/\\\/franciscansinternational.org\\\/de\\\/wp-content\\\/uploads\\\/sites\\\/4\\\/2023\\\/03\\\/20180214-LentenReflections.jpg\",\"width\":1213,\"height\":758},{\"@type\":\"BreadcrumbList\",\"@id\":\"https:\\\/\\\/franciscansinternational.org\\\/de\\\/reflection\\\/fastenreflexionen-sieben-letzte-worte-sieben-taten\\\/#breadcrumb\",\"itemListElement\":[{\"@type\":\"ListItem\",\"position\":1,\"name\":\"Home\",\"item\":\"https:\\\/\\\/franciscansinternational.org\\\/de\\\/\"},{\"@type\":\"ListItem\",\"position\":2,\"name\":\"Spirituelle Reflektionen\",\"item\":\"https:\\\/\\\/franciscansinternational.org\\\/de\\\/reflection\\\/\"},{\"@type\":\"ListItem\",\"position\":3,\"name\":\"Fastenreflexionen: Sieben letzte Worte, Sieben Taten\"}]},{\"@type\":\"WebSite\",\"@id\":\"https:\\\/\\\/franciscansinternational.org\\\/de\\\/#website\",\"url\":\"https:\\\/\\\/franciscansinternational.org\\\/de\\\/\",\"name\":\"Franciscans International (DE)\",\"description\":\"Just another Franciscans International site\",\"publisher\":{\"@id\":\"https:\\\/\\\/franciscansinternational.org\\\/de\\\/#organization\"},\"potentialAction\":[{\"@type\":\"SearchAction\",\"target\":{\"@type\":\"EntryPoint\",\"urlTemplate\":\"https:\\\/\\\/franciscansinternational.org\\\/de\\\/?s={search_term_string}\"},\"query-input\":{\"@type\":\"PropertyValueSpecification\",\"valueRequired\":true,\"valueName\":\"search_term_string\"}}],\"inLanguage\":\"de\"},{\"@type\":\"Organization\",\"@id\":\"https:\\\/\\\/franciscansinternational.org\\\/de\\\/#organization\",\"name\":\"Franciscans International (DE)\",\"url\":\"https:\\\/\\\/franciscansinternational.org\\\/de\\\/\",\"logo\":{\"@type\":\"ImageObject\",\"inLanguage\":\"de\",\"@id\":\"https:\\\/\\\/franciscansinternational.org\\\/de\\\/#\\\/schema\\\/logo\\\/image\\\/\",\"url\":\"https:\\\/\\\/franciscansinternational.org\\\/wp-content\\\/uploads\\\/sites\\\/4\\\/2023\\\/05\\\/logo-3.png\",\"contentUrl\":\"https:\\\/\\\/franciscansinternational.org\\\/wp-content\\\/uploads\\\/sites\\\/4\\\/2023\\\/05\\\/logo-3.png\",\"width\":1200,\"height\":205,\"caption\":\"Franciscans International (DE)\"},\"image\":{\"@id\":\"https:\\\/\\\/franciscansinternational.org\\\/de\\\/#\\\/schema\\\/logo\\\/image\\\/\"},\"sameAs\":[\"https:\\\/\\\/www.facebook.com\\\/FranciscansInternational\\\/\",\"https:\\\/\\\/x.com\\\/FranciscansIntl\",\"https:\\\/\\\/www.youtube.com\\\/channel\\\/UCexu0i-fWB4wwrlPMCz8_Zg\"]}]}<\/script>\n<!-- \/ Yoast SEO plugin. -->","yoast_head_json":{"title":"Fastenreflexionen: Sieben letzte Worte, Sieben Taten - Franciscans International (DE)","robots":{"index":"index","follow":"follow","max-snippet":"max-snippet:-1","max-image-preview":"max-image-preview:large","max-video-preview":"max-video-preview:-1"},"canonical":"https:\/\/franciscansinternational.org\/de\/reflection\/fastenreflexionen-sieben-letzte-worte-sieben-taten\/","og_locale":"de_DE","og_type":"article","og_title":"Fastenreflexionen: Sieben letzte Worte, Sieben Taten - Franciscans International (DE)","og_description":"Die \u00bbSieben letzten Worte\u00ab beziehen sich auf die letzten Worte Jesu am Kreuz. Traditionell in der Fastenzeit gebetet, erm\u00f6glichen sie ...","og_url":"https:\/\/franciscansinternational.org\/de\/reflection\/fastenreflexionen-sieben-letzte-worte-sieben-taten\/","og_site_name":"Franciscans International (DE)","article_publisher":"https:\/\/www.facebook.com\/FranciscansInternational\/","article_modified_time":"2023-03-10T13:49:32+00:00","og_image":[{"width":1213,"height":758,"url":"https:\/\/franciscansinternational.org\/wp-content\/uploads\/sites\/4\/2023\/03\/20180214-LentenReflections.jpg","type":"image\/jpeg"}],"twitter_card":"summary_large_image","twitter_site":"@FranciscansIntl","twitter_misc":{"Gesch\u00e4tzte Lesezeit":"3\u00a0Minuten"},"schema":{"@context":"https:\/\/schema.org","@graph":[{"@type":"WebPage","@id":"https:\/\/franciscansinternational.org\/de\/reflection\/fastenreflexionen-sieben-letzte-worte-sieben-taten\/","url":"https:\/\/franciscansinternational.org\/de\/reflection\/fastenreflexionen-sieben-letzte-worte-sieben-taten\/","name":"Fastenreflexionen: Sieben letzte Worte, Sieben Taten - Franciscans International (DE)","isPartOf":{"@id":"https:\/\/franciscansinternational.org\/de\/#website"},"primaryImageOfPage":{"@id":"https:\/\/franciscansinternational.org\/de\/reflection\/fastenreflexionen-sieben-letzte-worte-sieben-taten\/#primaryimage"},"image":{"@id":"https:\/\/franciscansinternational.org\/de\/reflection\/fastenreflexionen-sieben-letzte-worte-sieben-taten\/#primaryimage"},"thumbnailUrl":"https:\/\/franciscansinternational.org\/de\/wp-content\/uploads\/sites\/4\/2023\/03\/20180214-LentenReflections.jpg","datePublished":"2018-02-14T13:47:00+00:00","dateModified":"2023-03-10T13:49:32+00:00","breadcrumb":{"@id":"https:\/\/franciscansinternational.org\/de\/reflection\/fastenreflexionen-sieben-letzte-worte-sieben-taten\/#breadcrumb"},"inLanguage":"de","potentialAction":[{"@type":"ReadAction","target":["https:\/\/franciscansinternational.org\/de\/reflection\/fastenreflexionen-sieben-letzte-worte-sieben-taten\/"]}]},{"@type":"ImageObject","inLanguage":"de","@id":"https:\/\/franciscansinternational.org\/de\/reflection\/fastenreflexionen-sieben-letzte-worte-sieben-taten\/#primaryimage","url":"https:\/\/franciscansinternational.org\/de\/wp-content\/uploads\/sites\/4\/2023\/03\/20180214-LentenReflections.jpg","contentUrl":"https:\/\/franciscansinternational.org\/de\/wp-content\/uploads\/sites\/4\/2023\/03\/20180214-LentenReflections.jpg","width":1213,"height":758},{"@type":"BreadcrumbList","@id":"https:\/\/franciscansinternational.org\/de\/reflection\/fastenreflexionen-sieben-letzte-worte-sieben-taten\/#breadcrumb","itemListElement":[{"@type":"ListItem","position":1,"name":"Home","item":"https:\/\/franciscansinternational.org\/de\/"},{"@type":"ListItem","position":2,"name":"Spirituelle Reflektionen","item":"https:\/\/franciscansinternational.org\/de\/reflection\/"},{"@type":"ListItem","position":3,"name":"Fastenreflexionen: Sieben letzte Worte, Sieben Taten"}]},{"@type":"WebSite","@id":"https:\/\/franciscansinternational.org\/de\/#website","url":"https:\/\/franciscansinternational.org\/de\/","name":"Franciscans International (DE)","description":"Just another Franciscans International site","publisher":{"@id":"https:\/\/franciscansinternational.org\/de\/#organization"},"potentialAction":[{"@type":"SearchAction","target":{"@type":"EntryPoint","urlTemplate":"https:\/\/franciscansinternational.org\/de\/?s={search_term_string}"},"query-input":{"@type":"PropertyValueSpecification","valueRequired":true,"valueName":"search_term_string"}}],"inLanguage":"de"},{"@type":"Organization","@id":"https:\/\/franciscansinternational.org\/de\/#organization","name":"Franciscans International (DE)","url":"https:\/\/franciscansinternational.org\/de\/","logo":{"@type":"ImageObject","inLanguage":"de","@id":"https:\/\/franciscansinternational.org\/de\/#\/schema\/logo\/image\/","url":"https:\/\/franciscansinternational.org\/wp-content\/uploads\/sites\/4\/2023\/05\/logo-3.png","contentUrl":"https:\/\/franciscansinternational.org\/wp-content\/uploads\/sites\/4\/2023\/05\/logo-3.png","width":1200,"height":205,"caption":"Franciscans International (DE)"},"image":{"@id":"https:\/\/franciscansinternational.org\/de\/#\/schema\/logo\/image\/"},"sameAs":["https:\/\/www.facebook.com\/FranciscansInternational\/","https:\/\/x.com\/FranciscansIntl","https:\/\/www.youtube.com\/channel\/UCexu0i-fWB4wwrlPMCz8_Zg"]}]}},"jetpack_sharing_enabled":true,"_links":{"self":[{"href":"https:\/\/franciscansinternational.org\/de\/wp-json\/wp\/v2\/reflection\/162","targetHints":{"allow":["GET"]}}],"collection":[{"href":"https:\/\/franciscansinternational.org\/de\/wp-json\/wp\/v2\/reflection"}],"about":[{"href":"https:\/\/franciscansinternational.org\/de\/wp-json\/wp\/v2\/types\/reflection"}],"version-history":[{"count":2,"href":"https:\/\/franciscansinternational.org\/de\/wp-json\/wp\/v2\/reflection\/162\/revisions"}],"predecessor-version":[{"id":166,"href":"https:\/\/franciscansinternational.org\/de\/wp-json\/wp\/v2\/reflection\/162\/revisions\/166"}],"wp:featuredmedia":[{"embeddable":true,"href":"https:\/\/franciscansinternational.org\/de\/wp-json\/wp\/v2\/media\/164"}],"wp:attachment":[{"href":"https:\/\/franciscansinternational.org\/de\/wp-json\/wp\/v2\/media?parent=162"}],"curies":[{"name":"wp","href":"https:\/\/api.w.org\/{rel}","templated":true}]}}