{"id":1167,"date":"2026-04-22T07:55:59","date_gmt":"2026-04-22T07:55:59","guid":{"rendered":"https:\/\/franciscansinternational.org\/es\/?post_type=reflection&#038;p=1167"},"modified":"2026-04-22T09:27:54","modified_gmt":"2026-04-22T09:27:54","slug":"hermana-madre-tierra-y-el-llamado-a-la-conversion-ecologica","status":"publish","type":"reflection","link":"https:\/\/franciscansinternational.org\/es\/reflection\/hermana-madre-tierra-y-el-llamado-a-la-conversion-ecologica\/","title":{"rendered":"Hermana Madre Tierra, y el Llamado a la Conversi\u00f3n Ecol\u00f3gica"},"content":{"rendered":"\n<p class=\"has-text-align-left\" id=\"block-a3c386be-6918-40f7-8501-348394803ea6\"><\/p>\n\n\n\n<p><em>\u00abAlabado seas, Se\u00f1or m\u00edo,  por nuestra hermana, la Madre Tierra, que nos sustenta y nos gobierna, produciendo frutos variados con flores de colores y hierbas.\u00bb &#8211; San Francisco de As\u00eds, C\u00e1ntico de las Criaturas<\/em><\/p>\n\n\n\n<p><\/p>\n\n\n\n<p>Estas palabras revelan la visi\u00f3n de San Francisco de un universo creado en y para el amor \u2014un universo profundamente interpersonal, interrelacionado, interconectado e integral\u2014. Al reflexionar sobre la Madre Tierra, reconocemos el planeta como un sistema \u00fanico, complejo e interconectado.&nbsp;<\/p>\n\n\n\n<p>La Madre Tierra proporciona los recursos fundamentales esenciales para toda la vida: un flujo continuo de energ\u00eda; agua l\u00edquida; una atm\u00f3sfera con gases vitales; y compuestos org\u00e1nicos, nutrientes e ingredientes qu\u00edmicos esenciales. La revoluci\u00f3n franciscana reside en la creencia de que la Tierra sustenta y gobierna. &nbsp;<\/p>\n\n\n\n<p>La revoluci\u00f3n franciscana reside en la convicci\u00f3n de que la Tierra sostiene y gobierna. El pensamiento b\u00edblico anterior a Francisco afirmaba con frecuencia que los seres humanos deb\u00edan dominar la Tierra, pero \u00e9l fue el primero en cuestionar esta idea. &nbsp;<\/p>\n\n\n\n<p>No es misi\u00f3n de los seres humanos controlar, dominar, desfigurar, destruir o desechar todo lo que nos resulte \u00fatil en el mundo natural. Dios \u2014y San Francisco\u2014 nos llaman a reconocer nuestro lugar como cocriaturas y compa\u00f1eros de viaje de la Madre Tierra, quien, en \u00faltima instancia, nos proporciona todo lo que necesitamos para sobrevivir.&nbsp;<\/p>\n\n\n\n<p>Cuando aceptamos nuestra identidad como criaturas dependientes e interdependientes; cuando reconocemos que la Madre Tierra y toda la creaci\u00f3n est\u00e1n dotadas de personalidad y capacidad de actuar; y cuando abrimos nuestras vidas a un proceso de conversi\u00f3n ecol\u00f3gica que dura toda la vida, nos encontramos en el camino hacia la sabidur\u00eda aut\u00e9ntica \u2014una sabidur\u00eda profundamente espiritual.&nbsp;<\/p>\n\n\n\n<p>Para San Francisco, este camino relacional de la sabidur\u00eda, en el que todos los miembros de la creaci\u00f3n son reconocidos como hermanos y hermanas, es el \u00fanico camino capaz de restaurar la relaci\u00f3n correcta y la plena comuni\u00f3n con Dios, entre nosotros y con toda la creaci\u00f3n. Al seguir este camino, la conversi\u00f3n ecol\u00f3gica echa ra\u00edces en nosotros y nos hacemos capaces de reconocer el \u00abgrito de la tierra, el grito de los pobres\u00bb (Laudato Si\u2019, 49) \u2014y nuestra responsabilidad de responder.&nbsp;<\/p>\n\n\n\n<p>Ocho siglos despu\u00e9s, esta responsabilidad significa para Franciscans International integrar la justicia ambiental como un pilar central de nuestro trabajo ante las Naciones Unidas. La conciencia de que estamos profundamente interconectados con la naturaleza ha sustentado desde siempre la labor de incidencia franciscana: primero en favor del reconocimiento y ahora de la implementaci\u00f3n del derecho humano a un medio ambiente sano. En muchos sentidos, los distintos elementos de este derecho \u2014aire y agua limpios, un clima estable, etc.\u2014 reflejan los matices que san Francisco alaba en el C\u00e1ntico de las Criaturas.&nbsp;<\/p>\n\n\n\n<p>Rechazar la idea de que el mundo natural existe para ser explotado conduce a una postura franciscana clara frente a la codicia empresarial, que se ha convertido en una de las principales causas de la degradaci\u00f3n ambiental. Por ello, trabajamos para consagrar normas vinculantes para las empresas transnacionales dentro del derecho internacional de los derechos humanos. Al mismo tiempo, las y los franciscanos abogan por la protecci\u00f3n de los pueblos ind\u00edgenas y de las comunidades marginadas cuyas tierras tradicionales se ven amenazadas y cuyos medios de vida son destruidos en nombre del desarrollo y del crecimiento econ\u00f3mico.&nbsp;<\/p>\n\n\n\n<p>Hoy, cuando la humanidad est\u00e1 llevando el clima a su punto de ruptura, los debates globales sobre pol\u00edticas y protecci\u00f3n ambiental son precisamente el espacio donde se cruzan nuestro compromiso franciscano con el cuidado de la creaci\u00f3n y la defensa de los derechos humanos \u2014y donde nuestra voz debe hacerse escuchar.&nbsp;<\/p>\n\n\n\n<p>Que nuestra hermana, la Madre Tierra, nos ense\u00f1e el camino de la sabidur\u00eda, la unidad y la armon\u00eda.&nbsp;<\/p>\n\n\n\n<p>Por Blair Matheson TSSF, Director Ejecutivo de Franciscans International<\/p>\n","protected":false},"excerpt":{"rendered":"<p>\u00abAlabado seas, Se\u00f1or m\u00edo, por nuestra hermana, la Madre Tierra, que nos sustenta y nos gobierna, produciendo frutos variados con &#8230; <\/p>\n","protected":false},"featured_media":1170,"template":"","class_list":["post-1167","reflection","type-reflection","status-publish","has-post-thumbnail","hentry"],"acf":[],"yoast_head":"<!-- This site is optimized with the Yoast SEO plugin v27.4 - https:\/\/yoast.com\/product\/yoast-seo-wordpress\/ -->\n<title>Hermana Madre Tierra, y el Llamado a la Conversi\u00f3n Ecol\u00f3gica - Franciscans International (ES)<\/title>\n<meta name=\"robots\" content=\"index, follow, max-snippet:-1, max-image-preview:large, max-video-preview:-1\" \/>\n<link rel=\"canonical\" href=\"https:\/\/franciscansinternational.org\/es\/reflection\/hermana-madre-tierra-y-el-llamado-a-la-conversion-ecologica\/\" \/>\n<meta property=\"og:locale\" content=\"es_ES\" \/>\n<meta property=\"og:type\" content=\"article\" \/>\n<meta property=\"og:title\" content=\"Hermana Madre Tierra, y el Llamado a la Conversi\u00f3n Ecol\u00f3gica - Franciscans International (ES)\" \/>\n<meta property=\"og:description\" content=\"\u00abAlabado seas, Se\u00f1or m\u00edo, por nuestra hermana, la Madre Tierra, que nos sustenta y nos gobierna, produciendo frutos variados con ...\" \/>\n<meta property=\"og:url\" content=\"https:\/\/franciscansinternational.org\/es\/reflection\/hermana-madre-tierra-y-el-llamado-a-la-conversion-ecologica\/\" \/>\n<meta property=\"og:site_name\" content=\"Franciscans International (ES)\" \/>\n<meta property=\"article:publisher\" content=\"https:\/\/www.facebook.com\/FranciscansInternational\/\" \/>\n<meta property=\"article:modified_time\" content=\"2026-04-22T09:27:54+00:00\" \/>\n<meta property=\"og:image\" content=\"https:\/\/franciscansinternational.org\/es\/wp-content\/uploads\/sites\/3\/2026\/04\/Original-2.jpg\" \/>\n\t<meta property=\"og:image:width\" content=\"2048\" \/>\n\t<meta property=\"og:image:height\" content=\"1536\" \/>\n\t<meta property=\"og:image:type\" content=\"image\/jpeg\" \/>\n<meta name=\"twitter:card\" content=\"summary_large_image\" \/>\n<meta name=\"twitter:site\" content=\"@FranciscansIntl\" \/>\n<meta name=\"twitter:label1\" content=\"Tiempo de lectura\" \/>\n\t<meta name=\"twitter:data1\" content=\"4 minutos\" \/>\n<script type=\"application\/ld+json\" class=\"yoast-schema-graph\">{\"@context\":\"https:\\\/\\\/schema.org\",\"@graph\":[{\"@type\":\"WebPage\",\"@id\":\"https:\\\/\\\/franciscansinternational.org\\\/es\\\/reflection\\\/hermana-madre-tierra-y-el-llamado-a-la-conversion-ecologica\\\/\",\"url\":\"https:\\\/\\\/franciscansinternational.org\\\/es\\\/reflection\\\/hermana-madre-tierra-y-el-llamado-a-la-conversion-ecologica\\\/\",\"name\":\"Hermana Madre Tierra, y el Llamado a la Conversi\u00f3n Ecol\u00f3gica - Franciscans International (ES)\",\"isPartOf\":{\"@id\":\"https:\\\/\\\/franciscansinternational.org\\\/es\\\/#website\"},\"primaryImageOfPage\":{\"@id\":\"https:\\\/\\\/franciscansinternational.org\\\/es\\\/reflection\\\/hermana-madre-tierra-y-el-llamado-a-la-conversion-ecologica\\\/#primaryimage\"},\"image\":{\"@id\":\"https:\\\/\\\/franciscansinternational.org\\\/es\\\/reflection\\\/hermana-madre-tierra-y-el-llamado-a-la-conversion-ecologica\\\/#primaryimage\"},\"thumbnailUrl\":\"https:\\\/\\\/franciscansinternational.org\\\/es\\\/wp-content\\\/uploads\\\/sites\\\/3\\\/2026\\\/04\\\/Original-2.jpg\",\"datePublished\":\"2026-04-22T07:55:59+00:00\",\"dateModified\":\"2026-04-22T09:27:54+00:00\",\"breadcrumb\":{\"@id\":\"https:\\\/\\\/franciscansinternational.org\\\/es\\\/reflection\\\/hermana-madre-tierra-y-el-llamado-a-la-conversion-ecologica\\\/#breadcrumb\"},\"inLanguage\":\"es\",\"potentialAction\":[{\"@type\":\"ReadAction\",\"target\":[\"https:\\\/\\\/franciscansinternational.org\\\/es\\\/reflection\\\/hermana-madre-tierra-y-el-llamado-a-la-conversion-ecologica\\\/\"]}]},{\"@type\":\"ImageObject\",\"inLanguage\":\"es\",\"@id\":\"https:\\\/\\\/franciscansinternational.org\\\/es\\\/reflection\\\/hermana-madre-tierra-y-el-llamado-a-la-conversion-ecologica\\\/#primaryimage\",\"url\":\"https:\\\/\\\/franciscansinternational.org\\\/es\\\/wp-content\\\/uploads\\\/sites\\\/3\\\/2026\\\/04\\\/Original-2.jpg\",\"contentUrl\":\"https:\\\/\\\/franciscansinternational.org\\\/es\\\/wp-content\\\/uploads\\\/sites\\\/3\\\/2026\\\/04\\\/Original-2.jpg\",\"width\":2048,\"height\":1536},{\"@type\":\"BreadcrumbList\",\"@id\":\"https:\\\/\\\/franciscansinternational.org\\\/es\\\/reflection\\\/hermana-madre-tierra-y-el-llamado-a-la-conversion-ecologica\\\/#breadcrumb\",\"itemListElement\":[{\"@type\":\"ListItem\",\"position\":1,\"name\":\"Home\",\"item\":\"https:\\\/\\\/franciscansinternational.org\\\/es\\\/\"},{\"@type\":\"ListItem\",\"position\":2,\"name\":\"Reflexiones espirituales\",\"item\":\"https:\\\/\\\/franciscansinternational.org\\\/es\\\/reflection\\\/\"},{\"@type\":\"ListItem\",\"position\":3,\"name\":\"Hermana Madre Tierra, y el Llamado a la Conversi\u00f3n Ecol\u00f3gica\"}]},{\"@type\":\"WebSite\",\"@id\":\"https:\\\/\\\/franciscansinternational.org\\\/es\\\/#website\",\"url\":\"https:\\\/\\\/franciscansinternational.org\\\/es\\\/\",\"name\":\"Franciscans International (ES)\",\"description\":\"Just another Franciscans International site\",\"publisher\":{\"@id\":\"https:\\\/\\\/franciscansinternational.org\\\/es\\\/#organization\"},\"potentialAction\":[{\"@type\":\"SearchAction\",\"target\":{\"@type\":\"EntryPoint\",\"urlTemplate\":\"https:\\\/\\\/franciscansinternational.org\\\/es\\\/?s={search_term_string}\"},\"query-input\":{\"@type\":\"PropertyValueSpecification\",\"valueRequired\":true,\"valueName\":\"search_term_string\"}}],\"inLanguage\":\"es\"},{\"@type\":\"Organization\",\"@id\":\"https:\\\/\\\/franciscansinternational.org\\\/es\\\/#organization\",\"name\":\"Franciscans International (ES)\",\"url\":\"https:\\\/\\\/franciscansinternational.org\\\/es\\\/\",\"logo\":{\"@type\":\"ImageObject\",\"inLanguage\":\"es\",\"@id\":\"https:\\\/\\\/franciscansinternational.org\\\/es\\\/#\\\/schema\\\/logo\\\/image\\\/\",\"url\":\"https:\\\/\\\/franciscansinternational.org\\\/wp-content\\\/uploads\\\/sites\\\/3\\\/2023\\\/05\\\/logo-3.png\",\"contentUrl\":\"https:\\\/\\\/franciscansinternational.org\\\/wp-content\\\/uploads\\\/sites\\\/3\\\/2023\\\/05\\\/logo-3.png\",\"width\":1200,\"height\":205,\"caption\":\"Franciscans International (ES)\"},\"image\":{\"@id\":\"https:\\\/\\\/franciscansinternational.org\\\/es\\\/#\\\/schema\\\/logo\\\/image\\\/\"},\"sameAs\":[\"https:\\\/\\\/www.facebook.com\\\/FranciscansInternational\\\/\",\"https:\\\/\\\/x.com\\\/FranciscansIntl\",\"https:\\\/\\\/www.youtube.com\\\/channel\\\/UCexu0i-fWB4wwrlPMCz8_Zg\"]}]}<\/script>\n<!-- \/ Yoast SEO plugin. -->","yoast_head_json":{"title":"Hermana Madre Tierra, y el Llamado a la Conversi\u00f3n Ecol\u00f3gica - Franciscans International (ES)","robots":{"index":"index","follow":"follow","max-snippet":"max-snippet:-1","max-image-preview":"max-image-preview:large","max-video-preview":"max-video-preview:-1"},"canonical":"https:\/\/franciscansinternational.org\/es\/reflection\/hermana-madre-tierra-y-el-llamado-a-la-conversion-ecologica\/","og_locale":"es_ES","og_type":"article","og_title":"Hermana Madre Tierra, y el Llamado a la Conversi\u00f3n Ecol\u00f3gica - Franciscans International (ES)","og_description":"\u00abAlabado seas, Se\u00f1or m\u00edo, por nuestra hermana, la Madre Tierra, que nos sustenta y nos gobierna, produciendo frutos variados con ...","og_url":"https:\/\/franciscansinternational.org\/es\/reflection\/hermana-madre-tierra-y-el-llamado-a-la-conversion-ecologica\/","og_site_name":"Franciscans International (ES)","article_publisher":"https:\/\/www.facebook.com\/FranciscansInternational\/","article_modified_time":"2026-04-22T09:27:54+00:00","og_image":[{"width":2048,"height":1536,"url":"https:\/\/franciscansinternational.org\/es\/wp-content\/uploads\/sites\/3\/2026\/04\/Original-2.jpg","type":"image\/jpeg"}],"twitter_card":"summary_large_image","twitter_site":"@FranciscansIntl","twitter_misc":{"Tiempo de lectura":"4 minutos"},"schema":{"@context":"https:\/\/schema.org","@graph":[{"@type":"WebPage","@id":"https:\/\/franciscansinternational.org\/es\/reflection\/hermana-madre-tierra-y-el-llamado-a-la-conversion-ecologica\/","url":"https:\/\/franciscansinternational.org\/es\/reflection\/hermana-madre-tierra-y-el-llamado-a-la-conversion-ecologica\/","name":"Hermana Madre Tierra, y el Llamado a la Conversi\u00f3n Ecol\u00f3gica - Franciscans International (ES)","isPartOf":{"@id":"https:\/\/franciscansinternational.org\/es\/#website"},"primaryImageOfPage":{"@id":"https:\/\/franciscansinternational.org\/es\/reflection\/hermana-madre-tierra-y-el-llamado-a-la-conversion-ecologica\/#primaryimage"},"image":{"@id":"https:\/\/franciscansinternational.org\/es\/reflection\/hermana-madre-tierra-y-el-llamado-a-la-conversion-ecologica\/#primaryimage"},"thumbnailUrl":"https:\/\/franciscansinternational.org\/es\/wp-content\/uploads\/sites\/3\/2026\/04\/Original-2.jpg","datePublished":"2026-04-22T07:55:59+00:00","dateModified":"2026-04-22T09:27:54+00:00","breadcrumb":{"@id":"https:\/\/franciscansinternational.org\/es\/reflection\/hermana-madre-tierra-y-el-llamado-a-la-conversion-ecologica\/#breadcrumb"},"inLanguage":"es","potentialAction":[{"@type":"ReadAction","target":["https:\/\/franciscansinternational.org\/es\/reflection\/hermana-madre-tierra-y-el-llamado-a-la-conversion-ecologica\/"]}]},{"@type":"ImageObject","inLanguage":"es","@id":"https:\/\/franciscansinternational.org\/es\/reflection\/hermana-madre-tierra-y-el-llamado-a-la-conversion-ecologica\/#primaryimage","url":"https:\/\/franciscansinternational.org\/es\/wp-content\/uploads\/sites\/3\/2026\/04\/Original-2.jpg","contentUrl":"https:\/\/franciscansinternational.org\/es\/wp-content\/uploads\/sites\/3\/2026\/04\/Original-2.jpg","width":2048,"height":1536},{"@type":"BreadcrumbList","@id":"https:\/\/franciscansinternational.org\/es\/reflection\/hermana-madre-tierra-y-el-llamado-a-la-conversion-ecologica\/#breadcrumb","itemListElement":[{"@type":"ListItem","position":1,"name":"Home","item":"https:\/\/franciscansinternational.org\/es\/"},{"@type":"ListItem","position":2,"name":"Reflexiones espirituales","item":"https:\/\/franciscansinternational.org\/es\/reflection\/"},{"@type":"ListItem","position":3,"name":"Hermana Madre Tierra, y el Llamado a la Conversi\u00f3n Ecol\u00f3gica"}]},{"@type":"WebSite","@id":"https:\/\/franciscansinternational.org\/es\/#website","url":"https:\/\/franciscansinternational.org\/es\/","name":"Franciscans International (ES)","description":"Just another Franciscans International site","publisher":{"@id":"https:\/\/franciscansinternational.org\/es\/#organization"},"potentialAction":[{"@type":"SearchAction","target":{"@type":"EntryPoint","urlTemplate":"https:\/\/franciscansinternational.org\/es\/?s={search_term_string}"},"query-input":{"@type":"PropertyValueSpecification","valueRequired":true,"valueName":"search_term_string"}}],"inLanguage":"es"},{"@type":"Organization","@id":"https:\/\/franciscansinternational.org\/es\/#organization","name":"Franciscans International (ES)","url":"https:\/\/franciscansinternational.org\/es\/","logo":{"@type":"ImageObject","inLanguage":"es","@id":"https:\/\/franciscansinternational.org\/es\/#\/schema\/logo\/image\/","url":"https:\/\/franciscansinternational.org\/wp-content\/uploads\/sites\/3\/2023\/05\/logo-3.png","contentUrl":"https:\/\/franciscansinternational.org\/wp-content\/uploads\/sites\/3\/2023\/05\/logo-3.png","width":1200,"height":205,"caption":"Franciscans International (ES)"},"image":{"@id":"https:\/\/franciscansinternational.org\/es\/#\/schema\/logo\/image\/"},"sameAs":["https:\/\/www.facebook.com\/FranciscansInternational\/","https:\/\/x.com\/FranciscansIntl","https:\/\/www.youtube.com\/channel\/UCexu0i-fWB4wwrlPMCz8_Zg"]}]}},"jetpack_sharing_enabled":true,"_links":{"self":[{"href":"https:\/\/franciscansinternational.org\/es\/wp-json\/wp\/v2\/reflection\/1167","targetHints":{"allow":["GET"]}}],"collection":[{"href":"https:\/\/franciscansinternational.org\/es\/wp-json\/wp\/v2\/reflection"}],"about":[{"href":"https:\/\/franciscansinternational.org\/es\/wp-json\/wp\/v2\/types\/reflection"}],"version-history":[{"count":23,"href":"https:\/\/franciscansinternational.org\/es\/wp-json\/wp\/v2\/reflection\/1167\/revisions"}],"predecessor-version":[{"id":1203,"href":"https:\/\/franciscansinternational.org\/es\/wp-json\/wp\/v2\/reflection\/1167\/revisions\/1203"}],"wp:featuredmedia":[{"embeddable":true,"href":"https:\/\/franciscansinternational.org\/es\/wp-json\/wp\/v2\/media\/1170"}],"wp:attachment":[{"href":"https:\/\/franciscansinternational.org\/es\/wp-json\/wp\/v2\/media?parent=1167"}],"curies":[{"name":"wp","href":"https:\/\/api.w.org\/{rel}","templated":true}]}}