{"id":183,"date":"2018-02-14T13:56:00","date_gmt":"2018-02-14T13:56:00","guid":{"rendered":"https:\/\/franciscansinternational.kinsta.cloud\/es\/?post_type=reflection&#038;p=183"},"modified":"2023-03-10T13:57:41","modified_gmt":"2023-03-10T13:57:41","slug":"reflexiones-de-cuaresma-ultimas-siete-palabras-siete-actos","status":"publish","type":"reflection","link":"https:\/\/franciscansinternational.org\/es\/reflection\/reflexiones-de-cuaresma-ultimas-siete-palabras-siete-actos\/","title":{"rendered":"Reflexiones de Cuaresma: \u00daltimas Siete Palabras Siete Actos"},"content":{"rendered":"\n<p>La devoci\u00f3n de Las \u00daltimas Siete Palabras reflexiona sobre los dichos de Jes\u00fas de Nazaret cuando era crucificado. Tradicionalmente invocadas durante la Cuaresma, las Siete Palabras brindan a los fieles un medio para meditar e identificarse con Cristo en su sufrimiento y pasi\u00f3n.<\/p>\n\n\n\n<p>Franciscans International ofrece una visi\u00f3n sobre esta tradici\u00f3n cuaresmal, reflexionando sobre las \u00faltimas palabras de Jes\u00fas a trav\u00e9s del lente de la migraci\u00f3n. Como Jes\u00fas de Nazaret, quien soport\u00f3 una crueldad deshumanizante, muchos migrantes y refugiados hoy viven la deshumanizaci\u00f3n como resultado de la violencia y la pobreza, de leyes injustas y pol\u00edticas inadecuadas de inmigraci\u00f3n, de xenofobia, de racismo y de un millar de otras causas. 2017 vio la migraci\u00f3n internacional en su punto m\u00e1s alto, con un c\u00e1lculo aproximado de 258 millones de personas que viven en un pa\u00eds que no es el suyo (Informe de las Naciones Unidas sobre Migraci\u00f3n 2017).<\/p>\n\n\n\n<p>El Papa Francisco, que ha expresado \u00abuna preocupaci\u00f3n particular por la naturaleza forzosa de muchos flujos migratorios contempor\u00e1neos\u00bb, ha pedido \u00abuna respuesta coordinada y eficaz frente a tales desaf\u00edos\u00bb. (Foro Internacional sobre \u00abMigraci\u00f3n y Paz\u00bb 2017). Su visi\u00f3n, que puede ser expresada por cuatro verbos: acoger, proteger, promover e integrar (Papa Francisco, Foro Internacional sobre \u00abMigraci\u00f3n y Paz\u00bb 2017), invita a los fieles a responder a la problem\u00e1tica de la migraci\u00f3n de una manera justa, compasiva e integral.<\/p>\n\n\n\n<p>De igual manera, la Organizaci\u00f3n de Naciones Unidas ha comenzado el proceso de redactar un Pacto Mundial sobre Migraci\u00f3n, que apunta a ser el primer acuerdo intergubernamental que aborde la migraci\u00f3n internacional. Al presente, diversos actores, incluidas organizaciones no gubernamentales, como Franciscans International, est\u00e1n trabajando para asegurarse de que este Pacto Global incluya un enfoque en la migraci\u00f3n hol\u00edstico y basado en los derechos.<\/p>\n\n\n\n<p>Al meditar sobre la pasi\u00f3n de Cristo a trav\u00e9s del lente de la migraci\u00f3n, podemos comprometernos en una reflexi\u00f3n espiritual profunda sobre las realidades a que hacen frente much\u00edsimos de nuestros hermanos y hermanas migrantes, y podemos pensar respuestas a este tema candente. Los Siete Actos propuestos aqu\u00ed, que est\u00e1n inspirados en la declaraci\u00f3n de la Santa Sede, Responder a los Refugiados y Migrantes: Veinte Puntos de Acci\u00f3n, y Ahora y As\u00ed, Diez Pasos para el Pacto Mundial, de la sociedad civil, destilan siete acciones diarias que todas las personas de fe y de buena voluntad pueden hacer para apoyar y defender la dignidad y los derechos humanos de nuestros hermanos y hermanas migrantes y refugiados.<\/p>\n\n\n\n<div data-wp-interactive=\"core\/file\" class=\"wp-block-file\"><object data-wp-bind--hidden=\"!state.hasPdfPreview\" hidden class=\"wp-block-file__embed\" data=\"https:\/\/franciscansinternational.org\/wp-content\/uploads\/sites\/3\/2023\/03\/Lent_2018_-_Seven_Last_Words_-_SP.pdf\" type=\"application\/pdf\" style=\"width:100%;height:600px\" aria-label=\"Incrustado de Lent_2018_-_Seven_Last_Words_-_SP.\"><\/object><a id=\"wp-block-file--media-5d2e3a77-74df-4e94-aa69-6c966ed7435c\" href=\"https:\/\/franciscansinternational.org\/wp-content\/uploads\/sites\/3\/2023\/03\/Lent_2018_-_Seven_Last_Words_-_SP.pdf\">Lent_2018_-_Seven_Last_Words_-_SP<\/a><a href=\"https:\/\/franciscansinternational.org\/wp-content\/uploads\/sites\/3\/2023\/03\/Lent_2018_-_Seven_Last_Words_-_SP.pdf\" class=\"wp-block-file__button wp-element-button\" download aria-describedby=\"wp-block-file--media-5d2e3a77-74df-4e94-aa69-6c966ed7435c\">Descarga<\/a><\/div>\n","protected":false},"excerpt":{"rendered":"<p>La devoci\u00f3n de Las \u00daltimas Siete Palabras reflexiona sobre los dichos de Jes\u00fas de Nazaret cuando era crucificado. Tradicionalmente invocadas &#8230; <\/p>\n","protected":false},"featured_media":185,"template":"","class_list":["post-183","reflection","type-reflection","status-publish","has-post-thumbnail","hentry"],"acf":[],"yoast_head":"<!-- This site is optimized with the Yoast SEO plugin v27.5 - https:\/\/yoast.com\/product\/yoast-seo-wordpress\/ -->\n<title>Reflexiones de Cuaresma: \u00daltimas Siete Palabras Siete Actos - Franciscans International (ES)<\/title>\n<meta name=\"robots\" content=\"index, follow, max-snippet:-1, max-image-preview:large, max-video-preview:-1\" \/>\n<link rel=\"canonical\" href=\"https:\/\/franciscansinternational.org\/es\/reflection\/reflexiones-de-cuaresma-ultimas-siete-palabras-siete-actos\/\" \/>\n<meta property=\"og:locale\" content=\"es_ES\" \/>\n<meta property=\"og:type\" content=\"article\" \/>\n<meta property=\"og:title\" content=\"Reflexiones de Cuaresma: \u00daltimas Siete Palabras Siete Actos - Franciscans International (ES)\" \/>\n<meta property=\"og:description\" content=\"La devoci\u00f3n de Las \u00daltimas Siete Palabras reflexiona sobre los dichos de Jes\u00fas de Nazaret cuando era crucificado. Tradicionalmente invocadas ...\" \/>\n<meta property=\"og:url\" content=\"https:\/\/franciscansinternational.org\/es\/reflection\/reflexiones-de-cuaresma-ultimas-siete-palabras-siete-actos\/\" \/>\n<meta property=\"og:site_name\" content=\"Franciscans International (ES)\" \/>\n<meta property=\"article:publisher\" content=\"https:\/\/www.facebook.com\/FranciscansInternational\/\" \/>\n<meta property=\"article:modified_time\" content=\"2023-03-10T13:57:41+00:00\" \/>\n<meta property=\"og:image\" content=\"https:\/\/franciscansinternational.org\/wp-content\/uploads\/sites\/3\/2023\/03\/Lenten2018.jpg\" \/>\n\t<meta property=\"og:image:width\" content=\"1213\" \/>\n\t<meta property=\"og:image:height\" content=\"758\" \/>\n\t<meta property=\"og:image:type\" content=\"image\/jpeg\" \/>\n<meta name=\"twitter:card\" content=\"summary_large_image\" \/>\n<meta name=\"twitter:site\" content=\"@FranciscansIntl\" \/>\n<meta name=\"twitter:label1\" content=\"Tiempo de lectura\" \/>\n\t<meta name=\"twitter:data1\" content=\"2 minutos\" \/>\n<script type=\"application\/ld+json\" class=\"yoast-schema-graph\">{\"@context\":\"https:\\\/\\\/schema.org\",\"@graph\":[{\"@type\":\"WebPage\",\"@id\":\"https:\\\/\\\/franciscansinternational.org\\\/es\\\/reflection\\\/reflexiones-de-cuaresma-ultimas-siete-palabras-siete-actos\\\/\",\"url\":\"https:\\\/\\\/franciscansinternational.org\\\/es\\\/reflection\\\/reflexiones-de-cuaresma-ultimas-siete-palabras-siete-actos\\\/\",\"name\":\"Reflexiones de Cuaresma: \u00daltimas Siete Palabras Siete Actos - Franciscans International (ES)\",\"isPartOf\":{\"@id\":\"https:\\\/\\\/franciscansinternational.org\\\/es\\\/#website\"},\"primaryImageOfPage\":{\"@id\":\"https:\\\/\\\/franciscansinternational.org\\\/es\\\/reflection\\\/reflexiones-de-cuaresma-ultimas-siete-palabras-siete-actos\\\/#primaryimage\"},\"image\":{\"@id\":\"https:\\\/\\\/franciscansinternational.org\\\/es\\\/reflection\\\/reflexiones-de-cuaresma-ultimas-siete-palabras-siete-actos\\\/#primaryimage\"},\"thumbnailUrl\":\"https:\\\/\\\/franciscansinternational.org\\\/es\\\/wp-content\\\/uploads\\\/sites\\\/3\\\/2023\\\/03\\\/Lenten2018.jpg\",\"datePublished\":\"2018-02-14T13:56:00+00:00\",\"dateModified\":\"2023-03-10T13:57:41+00:00\",\"breadcrumb\":{\"@id\":\"https:\\\/\\\/franciscansinternational.org\\\/es\\\/reflection\\\/reflexiones-de-cuaresma-ultimas-siete-palabras-siete-actos\\\/#breadcrumb\"},\"inLanguage\":\"es\",\"potentialAction\":[{\"@type\":\"ReadAction\",\"target\":[\"https:\\\/\\\/franciscansinternational.org\\\/es\\\/reflection\\\/reflexiones-de-cuaresma-ultimas-siete-palabras-siete-actos\\\/\"]}]},{\"@type\":\"ImageObject\",\"inLanguage\":\"es\",\"@id\":\"https:\\\/\\\/franciscansinternational.org\\\/es\\\/reflection\\\/reflexiones-de-cuaresma-ultimas-siete-palabras-siete-actos\\\/#primaryimage\",\"url\":\"https:\\\/\\\/franciscansinternational.org\\\/es\\\/wp-content\\\/uploads\\\/sites\\\/3\\\/2023\\\/03\\\/Lenten2018.jpg\",\"contentUrl\":\"https:\\\/\\\/franciscansinternational.org\\\/es\\\/wp-content\\\/uploads\\\/sites\\\/3\\\/2023\\\/03\\\/Lenten2018.jpg\",\"width\":1213,\"height\":758},{\"@type\":\"BreadcrumbList\",\"@id\":\"https:\\\/\\\/franciscansinternational.org\\\/es\\\/reflection\\\/reflexiones-de-cuaresma-ultimas-siete-palabras-siete-actos\\\/#breadcrumb\",\"itemListElement\":[{\"@type\":\"ListItem\",\"position\":1,\"name\":\"Home\",\"item\":\"https:\\\/\\\/franciscansinternational.org\\\/es\\\/\"},{\"@type\":\"ListItem\",\"position\":2,\"name\":\"Reflexiones espirituales\",\"item\":\"https:\\\/\\\/franciscansinternational.org\\\/es\\\/reflection\\\/\"},{\"@type\":\"ListItem\",\"position\":3,\"name\":\"Reflexiones de Cuaresma: \u00daltimas Siete Palabras Siete Actos\"}]},{\"@type\":\"WebSite\",\"@id\":\"https:\\\/\\\/franciscansinternational.org\\\/es\\\/#website\",\"url\":\"https:\\\/\\\/franciscansinternational.org\\\/es\\\/\",\"name\":\"Franciscans International (ES)\",\"description\":\"Just another Franciscans International site\",\"publisher\":{\"@id\":\"https:\\\/\\\/franciscansinternational.org\\\/es\\\/#organization\"},\"potentialAction\":[{\"@type\":\"SearchAction\",\"target\":{\"@type\":\"EntryPoint\",\"urlTemplate\":\"https:\\\/\\\/franciscansinternational.org\\\/es\\\/?s={search_term_string}\"},\"query-input\":{\"@type\":\"PropertyValueSpecification\",\"valueRequired\":true,\"valueName\":\"search_term_string\"}}],\"inLanguage\":\"es\"},{\"@type\":\"Organization\",\"@id\":\"https:\\\/\\\/franciscansinternational.org\\\/es\\\/#organization\",\"name\":\"Franciscans International (ES)\",\"url\":\"https:\\\/\\\/franciscansinternational.org\\\/es\\\/\",\"logo\":{\"@type\":\"ImageObject\",\"inLanguage\":\"es\",\"@id\":\"https:\\\/\\\/franciscansinternational.org\\\/es\\\/#\\\/schema\\\/logo\\\/image\\\/\",\"url\":\"https:\\\/\\\/franciscansinternational.org\\\/wp-content\\\/uploads\\\/sites\\\/3\\\/2023\\\/05\\\/logo-3.png\",\"contentUrl\":\"https:\\\/\\\/franciscansinternational.org\\\/wp-content\\\/uploads\\\/sites\\\/3\\\/2023\\\/05\\\/logo-3.png\",\"width\":1200,\"height\":205,\"caption\":\"Franciscans International (ES)\"},\"image\":{\"@id\":\"https:\\\/\\\/franciscansinternational.org\\\/es\\\/#\\\/schema\\\/logo\\\/image\\\/\"},\"sameAs\":[\"https:\\\/\\\/www.facebook.com\\\/FranciscansInternational\\\/\",\"https:\\\/\\\/x.com\\\/FranciscansIntl\",\"https:\\\/\\\/www.youtube.com\\\/channel\\\/UCexu0i-fWB4wwrlPMCz8_Zg\"]}]}<\/script>\n<!-- \/ Yoast SEO plugin. -->","yoast_head_json":{"title":"Reflexiones de Cuaresma: \u00daltimas Siete Palabras Siete Actos - Franciscans International (ES)","robots":{"index":"index","follow":"follow","max-snippet":"max-snippet:-1","max-image-preview":"max-image-preview:large","max-video-preview":"max-video-preview:-1"},"canonical":"https:\/\/franciscansinternational.org\/es\/reflection\/reflexiones-de-cuaresma-ultimas-siete-palabras-siete-actos\/","og_locale":"es_ES","og_type":"article","og_title":"Reflexiones de Cuaresma: \u00daltimas Siete Palabras Siete Actos - Franciscans International (ES)","og_description":"La devoci\u00f3n de Las \u00daltimas Siete Palabras reflexiona sobre los dichos de Jes\u00fas de Nazaret cuando era crucificado. Tradicionalmente invocadas ...","og_url":"https:\/\/franciscansinternational.org\/es\/reflection\/reflexiones-de-cuaresma-ultimas-siete-palabras-siete-actos\/","og_site_name":"Franciscans International (ES)","article_publisher":"https:\/\/www.facebook.com\/FranciscansInternational\/","article_modified_time":"2023-03-10T13:57:41+00:00","og_image":[{"width":1213,"height":758,"url":"https:\/\/franciscansinternational.org\/wp-content\/uploads\/sites\/3\/2023\/03\/Lenten2018.jpg","type":"image\/jpeg"}],"twitter_card":"summary_large_image","twitter_site":"@FranciscansIntl","twitter_misc":{"Tiempo de lectura":"2 minutos"},"schema":{"@context":"https:\/\/schema.org","@graph":[{"@type":"WebPage","@id":"https:\/\/franciscansinternational.org\/es\/reflection\/reflexiones-de-cuaresma-ultimas-siete-palabras-siete-actos\/","url":"https:\/\/franciscansinternational.org\/es\/reflection\/reflexiones-de-cuaresma-ultimas-siete-palabras-siete-actos\/","name":"Reflexiones de Cuaresma: \u00daltimas Siete Palabras Siete Actos - Franciscans International (ES)","isPartOf":{"@id":"https:\/\/franciscansinternational.org\/es\/#website"},"primaryImageOfPage":{"@id":"https:\/\/franciscansinternational.org\/es\/reflection\/reflexiones-de-cuaresma-ultimas-siete-palabras-siete-actos\/#primaryimage"},"image":{"@id":"https:\/\/franciscansinternational.org\/es\/reflection\/reflexiones-de-cuaresma-ultimas-siete-palabras-siete-actos\/#primaryimage"},"thumbnailUrl":"https:\/\/franciscansinternational.org\/es\/wp-content\/uploads\/sites\/3\/2023\/03\/Lenten2018.jpg","datePublished":"2018-02-14T13:56:00+00:00","dateModified":"2023-03-10T13:57:41+00:00","breadcrumb":{"@id":"https:\/\/franciscansinternational.org\/es\/reflection\/reflexiones-de-cuaresma-ultimas-siete-palabras-siete-actos\/#breadcrumb"},"inLanguage":"es","potentialAction":[{"@type":"ReadAction","target":["https:\/\/franciscansinternational.org\/es\/reflection\/reflexiones-de-cuaresma-ultimas-siete-palabras-siete-actos\/"]}]},{"@type":"ImageObject","inLanguage":"es","@id":"https:\/\/franciscansinternational.org\/es\/reflection\/reflexiones-de-cuaresma-ultimas-siete-palabras-siete-actos\/#primaryimage","url":"https:\/\/franciscansinternational.org\/es\/wp-content\/uploads\/sites\/3\/2023\/03\/Lenten2018.jpg","contentUrl":"https:\/\/franciscansinternational.org\/es\/wp-content\/uploads\/sites\/3\/2023\/03\/Lenten2018.jpg","width":1213,"height":758},{"@type":"BreadcrumbList","@id":"https:\/\/franciscansinternational.org\/es\/reflection\/reflexiones-de-cuaresma-ultimas-siete-palabras-siete-actos\/#breadcrumb","itemListElement":[{"@type":"ListItem","position":1,"name":"Home","item":"https:\/\/franciscansinternational.org\/es\/"},{"@type":"ListItem","position":2,"name":"Reflexiones espirituales","item":"https:\/\/franciscansinternational.org\/es\/reflection\/"},{"@type":"ListItem","position":3,"name":"Reflexiones de Cuaresma: \u00daltimas Siete Palabras Siete Actos"}]},{"@type":"WebSite","@id":"https:\/\/franciscansinternational.org\/es\/#website","url":"https:\/\/franciscansinternational.org\/es\/","name":"Franciscans International (ES)","description":"Just another Franciscans International site","publisher":{"@id":"https:\/\/franciscansinternational.org\/es\/#organization"},"potentialAction":[{"@type":"SearchAction","target":{"@type":"EntryPoint","urlTemplate":"https:\/\/franciscansinternational.org\/es\/?s={search_term_string}"},"query-input":{"@type":"PropertyValueSpecification","valueRequired":true,"valueName":"search_term_string"}}],"inLanguage":"es"},{"@type":"Organization","@id":"https:\/\/franciscansinternational.org\/es\/#organization","name":"Franciscans International (ES)","url":"https:\/\/franciscansinternational.org\/es\/","logo":{"@type":"ImageObject","inLanguage":"es","@id":"https:\/\/franciscansinternational.org\/es\/#\/schema\/logo\/image\/","url":"https:\/\/franciscansinternational.org\/wp-content\/uploads\/sites\/3\/2023\/05\/logo-3.png","contentUrl":"https:\/\/franciscansinternational.org\/wp-content\/uploads\/sites\/3\/2023\/05\/logo-3.png","width":1200,"height":205,"caption":"Franciscans International (ES)"},"image":{"@id":"https:\/\/franciscansinternational.org\/es\/#\/schema\/logo\/image\/"},"sameAs":["https:\/\/www.facebook.com\/FranciscansInternational\/","https:\/\/x.com\/FranciscansIntl","https:\/\/www.youtube.com\/channel\/UCexu0i-fWB4wwrlPMCz8_Zg"]}]}},"jetpack_sharing_enabled":true,"_links":{"self":[{"href":"https:\/\/franciscansinternational.org\/es\/wp-json\/wp\/v2\/reflection\/183","targetHints":{"allow":["GET"]}}],"collection":[{"href":"https:\/\/franciscansinternational.org\/es\/wp-json\/wp\/v2\/reflection"}],"about":[{"href":"https:\/\/franciscansinternational.org\/es\/wp-json\/wp\/v2\/types\/reflection"}],"version-history":[{"count":2,"href":"https:\/\/franciscansinternational.org\/es\/wp-json\/wp\/v2\/reflection\/183\/revisions"}],"predecessor-version":[{"id":187,"href":"https:\/\/franciscansinternational.org\/es\/wp-json\/wp\/v2\/reflection\/183\/revisions\/187"}],"wp:featuredmedia":[{"embeddable":true,"href":"https:\/\/franciscansinternational.org\/es\/wp-json\/wp\/v2\/media\/185"}],"wp:attachment":[{"href":"https:\/\/franciscansinternational.org\/es\/wp-json\/wp\/v2\/media?parent=183"}],"curies":[{"name":"wp","href":"https:\/\/api.w.org\/{rel}","templated":true}]}}