{"id":1058,"date":"2026-04-22T08:43:50","date_gmt":"2026-04-22T08:43:50","guid":{"rendered":"https:\/\/franciscansinternational.org\/fr\/?post_type=reflection&#038;p=1058"},"modified":"2026-04-22T08:43:51","modified_gmt":"2026-04-22T08:43:51","slug":"soeur-mere-terre-et-lappel-a-la-conversion-ecologique","status":"publish","type":"reflection","link":"https:\/\/franciscansinternational.org\/fr\/reflection\/soeur-mere-terre-et-lappel-a-la-conversion-ecologique\/","title":{"rendered":"S\u0153ur M\u00e8re Terre et l\u2019Appel \u00e0 la Conversion \u00c9cologique"},"content":{"rendered":"\n<p>\u201c<em>Lou\u00e9 sois-tu, mon Seigneur, par notre s\u0153ur, la Terre,<br>qui nous nourrit et nous gouverne,<br><\/em>produisant des fruits vari\u00e9s, des fleurs color\u00e9es et des herbes. \u201d&nbsp;&nbsp;<br>\u2013 <em>Saint Fran\u00e7ois d\u2019Assise, Cantique des cr\u00e9atures<\/em>&nbsp;<\/p>\n\n\n\n<p>Ces mots r\u00e9v\u00e8lent la conception qu\u2019avait saint Fran\u00e7ois d\u2019un univers cr\u00e9\u00e9 dans et pour l\u2019amour \u2014 un univers profond\u00e9ment relationnel, interd\u00e9pendant, interconnect\u00e9 et int\u00e9gral. Lorsque nous r\u00e9fl\u00e9chissons \u00e0 la Terre M\u00e8re, nous reconnaissons la plan\u00e8te comme un syst\u00e8me unique, complexe et interconnect\u00e9.&nbsp;<\/p>\n\n\n\n<p>M\u00e8re Terre fournit les ressources fondamentales indispensables \u00e0 toute vie : un flux continu d\u2019\u00e9nergie ; de l\u2019eau liquide ; une atmosph\u00e8re contenant des gaz vitaux ; ainsi que des compos\u00e9s organiques, des nutriments et des \u00e9l\u00e9ments chimiques essentiels.&nbsp;<\/p>\n\n\n\n<p>La r\u00e9volution franciscaine repose sur la conviction que la Terre soutient et gouverne. La pens\u00e9e biblique ant\u00e9rieure \u00e0 Fran\u00e7ois affirmait souvent que les \u00eatres humains devaient dominer la Terre, mais il fut le premier \u00e0 remettre cela en question.&nbsp;<\/p>\n\n\n\n<p>La mission des \u00eatres humains n\u2019est pas de contr\u00f4ler, dominer, d\u00e9figurer, d\u00e9truire ou rejeter tout ce que nous trouvons utile dans le monde naturel. Nous sommes appel\u00e9s par Dieu \u2014 et par saint Fran\u00e7ois \u2014 \u00e0 reconna\u00eetre notre place en tant que co-cr\u00e9atures et compagnons de route de la Terre M\u00e8re, qui nous fournit en fin de compte tout ce dont nous avons besoin pour survivre.&nbsp;<\/p>\n\n\n\n<p>Lorsque nous acceptons notre identit\u00e9 de cr\u00e9atures d\u00e9pendantes et interd\u00e9pendantes ; lorsque nous reconnaissons que la Terre M\u00e8re et toute la cr\u00e9ation sont dot\u00e9es de personnalit\u00e9 et d\u2019autonomie ; et lorsque nous ouvrons nos vies \u00e0 un processus de conversion \u00e9cologique qui dure toute la vie, nous nous trouvons sur le chemin de la sagesse authentique \u2014 une sagesse profond\u00e9ment spirituelle.&nbsp;<\/p>\n\n\n\n<p>Pour saint Fran\u00e7ois, cette voie relationnelle de la sagesse, dans laquelle tous les membres de la cr\u00e9ation sont reconnus comme des fr\u00e8res et s\u0153urs, est le seul chemin capable de restaurer une relation juste et une pleine communion avec Dieu, les uns avec les autres et avec toute la cr\u00e9ation. En suivant cette voie, la conversion \u00e9cologique prend racine en nous, et nous devenons capables de reconna\u00eetre le \u00ab cri de la terre, le cri des pauvres \u00bb (Laudato Si\u2019, 49) \u2014 et notre responsabilit\u00e9 d\u2019y r\u00e9pondre.&nbsp;<\/p>\n\n\n\n<p>Huit si\u00e8cles plus tard, pour Franciscans International, cette responsabilit\u00e9 implique de faire de la Justice Environnementale un pilier central de notre travail aupr\u00e8s des Nations Unies. La compr\u00e9hension de notre interd\u00e9pendance avec la nature a toujours soutenu le plaidoyer franciscain \u2014 d\u2019abord pour la reconnaissance, et aujourd\u2019hui pour la mise en \u0153uvre du droit humain \u00e0 un environnement sain. \u00c0 bien des \u00e9gards, les diff\u00e9rents \u00e9l\u00e9ments de ce droit \u2014 air et eau propres, climat stable, etc. \u2014 refl\u00e8tent les nuances lou\u00e9es par saint Fran\u00e7ois dans le Cantique des Cr\u00e9atures.&nbsp;<\/p>\n\n\n\n<p>Rejeter l\u2019id\u00e9e que le monde naturel existe pour \u00eatre exploit\u00e9 se traduit par l\u2019opposition franciscaine \u00e0 la cupidit\u00e9 des entreprises, devenue l\u2019une des principales causes de la d\u00e9gradation environnementale, ainsi que par notre travail visant \u00e0 inscrire des r\u00e8gles contraignantes pour les soci\u00e9t\u00e9s transnationales dans le droit international des droits humains. En aval de cela, les franciscains d\u00e9fendent la protection des Peuples Autochtones et des communaut\u00e9s marginalis\u00e9es dont les terres traditionnelles sont menac\u00e9es et dont les moyens de subsistance sont d\u00e9truits au nom du d\u00e9veloppement et de la croissance \u00e9conomique.&nbsp;<\/p>\n\n\n\n<p>Aujourd\u2019hui, alors que l\u2019humanit\u00e9 pousse le climat \u00e0 son point de rupture, les d\u00e9bats mondiaux sur les politiques et la protection de l\u2019environnement sont pr\u00e9cis\u00e9ment l\u2019espace o\u00f9 se rejoignent notre engagement franciscain pour le soin de la cr\u00e9ation et la d\u00e9fense des droits humains \u2014 et o\u00f9 notre voix doit se faire entendre.&nbsp;<\/p>\n\n\n\n<p>Que notre s\u0153ur, la Terre M\u00e8re, nous enseigne la voie de la sagesse, de l\u2019unit\u00e9 et de l\u2019harmonie.&nbsp;<\/p>\n\n\n\n<p>Par Blair Matheson TSSF, Directeur Ex\u00e9cutif de Franciscans International<\/p>\n\n\n\n<p><\/p>\n\n\n\n<blockquote class=\"wp-block-quote has-small-font-size is-layout-flow wp-block-quote-is-layout-flow\">\n<p>Il s\u2019agit d\u2019une traduction automatique. Nous nous excusons pour les erreurs qui auraient pu en r\u00e9sulter. En cas de divergence, la version anglaise fait foi.\u00a0<\/p>\n<\/blockquote>\n","protected":false},"excerpt":{"rendered":"<p>\u201cLou\u00e9 sois-tu, mon Seigneur, par notre s\u0153ur, la Terre,qui nous nourrit et nous gouverne,produisant des fruits vari\u00e9s, des fleurs color\u00e9es &#8230; <\/p>\n","protected":false},"featured_media":1059,"template":"","class_list":["post-1058","reflection","type-reflection","status-publish","has-post-thumbnail","hentry"],"acf":[],"yoast_head":"<!-- This site is optimized with the Yoast SEO plugin v27.4 - https:\/\/yoast.com\/product\/yoast-seo-wordpress\/ -->\n<title>S\u0153ur M\u00e8re Terre et l\u2019Appel \u00e0 la Conversion \u00c9cologique - Franciscans International (FR)<\/title>\n<meta name=\"robots\" content=\"index, follow, max-snippet:-1, max-image-preview:large, max-video-preview:-1\" \/>\n<link rel=\"canonical\" href=\"https:\/\/franciscansinternational.org\/fr\/reflection\/soeur-mere-terre-et-lappel-a-la-conversion-ecologique\/\" \/>\n<meta property=\"og:locale\" content=\"fr_FR\" \/>\n<meta property=\"og:type\" content=\"article\" \/>\n<meta property=\"og:title\" content=\"S\u0153ur M\u00e8re Terre et l\u2019Appel \u00e0 la Conversion \u00c9cologique - Franciscans International (FR)\" \/>\n<meta property=\"og:description\" content=\"\u201cLou\u00e9 sois-tu, mon Seigneur, par notre s\u0153ur, la Terre,qui nous nourrit et nous gouverne,produisant des fruits vari\u00e9s, des fleurs color\u00e9es ...\" \/>\n<meta property=\"og:url\" content=\"https:\/\/franciscansinternational.org\/fr\/reflection\/soeur-mere-terre-et-lappel-a-la-conversion-ecologique\/\" \/>\n<meta property=\"og:site_name\" content=\"Franciscans International (FR)\" \/>\n<meta property=\"article:publisher\" content=\"https:\/\/www.facebook.com\/FranciscansInternational\/\" \/>\n<meta property=\"article:modified_time\" content=\"2026-04-22T08:43:51+00:00\" \/>\n<meta property=\"og:image\" content=\"https:\/\/franciscansinternational.org\/fr\/wp-content\/uploads\/sites\/6\/2026\/04\/Original-2.jpg\" \/>\n\t<meta property=\"og:image:width\" content=\"2048\" \/>\n\t<meta property=\"og:image:height\" content=\"1536\" \/>\n\t<meta property=\"og:image:type\" content=\"image\/jpeg\" \/>\n<meta name=\"twitter:card\" content=\"summary_large_image\" \/>\n<meta name=\"twitter:site\" content=\"@FranciscansIntl\" \/>\n<meta name=\"twitter:label1\" content=\"Dur\u00e9e de lecture estim\u00e9e\" \/>\n\t<meta name=\"twitter:data1\" content=\"4 minutes\" \/>\n<script type=\"application\/ld+json\" class=\"yoast-schema-graph\">{\"@context\":\"https:\\\/\\\/schema.org\",\"@graph\":[{\"@type\":\"WebPage\",\"@id\":\"https:\\\/\\\/franciscansinternational.org\\\/fr\\\/reflection\\\/soeur-mere-terre-et-lappel-a-la-conversion-ecologique\\\/\",\"url\":\"https:\\\/\\\/franciscansinternational.org\\\/fr\\\/reflection\\\/soeur-mere-terre-et-lappel-a-la-conversion-ecologique\\\/\",\"name\":\"S\u0153ur M\u00e8re Terre et l\u2019Appel \u00e0 la Conversion \u00c9cologique - Franciscans International (FR)\",\"isPartOf\":{\"@id\":\"https:\\\/\\\/franciscansinternational.org\\\/fr\\\/#website\"},\"primaryImageOfPage\":{\"@id\":\"https:\\\/\\\/franciscansinternational.org\\\/fr\\\/reflection\\\/soeur-mere-terre-et-lappel-a-la-conversion-ecologique\\\/#primaryimage\"},\"image\":{\"@id\":\"https:\\\/\\\/franciscansinternational.org\\\/fr\\\/reflection\\\/soeur-mere-terre-et-lappel-a-la-conversion-ecologique\\\/#primaryimage\"},\"thumbnailUrl\":\"https:\\\/\\\/franciscansinternational.org\\\/fr\\\/wp-content\\\/uploads\\\/sites\\\/6\\\/2026\\\/04\\\/Original-2.jpg\",\"datePublished\":\"2026-04-22T08:43:50+00:00\",\"dateModified\":\"2026-04-22T08:43:51+00:00\",\"breadcrumb\":{\"@id\":\"https:\\\/\\\/franciscansinternational.org\\\/fr\\\/reflection\\\/soeur-mere-terre-et-lappel-a-la-conversion-ecologique\\\/#breadcrumb\"},\"inLanguage\":\"fr-FR\",\"potentialAction\":[{\"@type\":\"ReadAction\",\"target\":[\"https:\\\/\\\/franciscansinternational.org\\\/fr\\\/reflection\\\/soeur-mere-terre-et-lappel-a-la-conversion-ecologique\\\/\"]}]},{\"@type\":\"ImageObject\",\"inLanguage\":\"fr-FR\",\"@id\":\"https:\\\/\\\/franciscansinternational.org\\\/fr\\\/reflection\\\/soeur-mere-terre-et-lappel-a-la-conversion-ecologique\\\/#primaryimage\",\"url\":\"https:\\\/\\\/franciscansinternational.org\\\/fr\\\/wp-content\\\/uploads\\\/sites\\\/6\\\/2026\\\/04\\\/Original-2.jpg\",\"contentUrl\":\"https:\\\/\\\/franciscansinternational.org\\\/fr\\\/wp-content\\\/uploads\\\/sites\\\/6\\\/2026\\\/04\\\/Original-2.jpg\",\"width\":2048,\"height\":1536},{\"@type\":\"BreadcrumbList\",\"@id\":\"https:\\\/\\\/franciscansinternational.org\\\/fr\\\/reflection\\\/soeur-mere-terre-et-lappel-a-la-conversion-ecologique\\\/#breadcrumb\",\"itemListElement\":[{\"@type\":\"ListItem\",\"position\":1,\"name\":\"Home\",\"item\":\"https:\\\/\\\/franciscansinternational.org\\\/fr\\\/\"},{\"@type\":\"ListItem\",\"position\":2,\"name\":\"R\u00e9flexions spirituelles\",\"item\":\"https:\\\/\\\/franciscansinternational.org\\\/fr\\\/reflection\\\/\"},{\"@type\":\"ListItem\",\"position\":3,\"name\":\"S\u0153ur M\u00e8re Terre et l\u2019Appel \u00e0 la Conversion \u00c9cologique\"}]},{\"@type\":\"WebSite\",\"@id\":\"https:\\\/\\\/franciscansinternational.org\\\/fr\\\/#website\",\"url\":\"https:\\\/\\\/franciscansinternational.org\\\/fr\\\/\",\"name\":\"Franciscans International (FR)\",\"description\":\"\",\"publisher\":{\"@id\":\"https:\\\/\\\/franciscansinternational.org\\\/fr\\\/#organization\"},\"potentialAction\":[{\"@type\":\"SearchAction\",\"target\":{\"@type\":\"EntryPoint\",\"urlTemplate\":\"https:\\\/\\\/franciscansinternational.org\\\/fr\\\/?s={search_term_string}\"},\"query-input\":{\"@type\":\"PropertyValueSpecification\",\"valueRequired\":true,\"valueName\":\"search_term_string\"}}],\"inLanguage\":\"fr-FR\"},{\"@type\":\"Organization\",\"@id\":\"https:\\\/\\\/franciscansinternational.org\\\/fr\\\/#organization\",\"name\":\"Franciscans International (FR)\",\"url\":\"https:\\\/\\\/franciscansinternational.org\\\/fr\\\/\",\"logo\":{\"@type\":\"ImageObject\",\"inLanguage\":\"fr-FR\",\"@id\":\"https:\\\/\\\/franciscansinternational.org\\\/fr\\\/#\\\/schema\\\/logo\\\/image\\\/\",\"url\":\"https:\\\/\\\/franciscansinternational.org\\\/wp-content\\\/uploads\\\/sites\\\/6\\\/2023\\\/05\\\/logo-3.png\",\"contentUrl\":\"https:\\\/\\\/franciscansinternational.org\\\/wp-content\\\/uploads\\\/sites\\\/6\\\/2023\\\/05\\\/logo-3.png\",\"width\":1200,\"height\":205,\"caption\":\"Franciscans International (FR)\"},\"image\":{\"@id\":\"https:\\\/\\\/franciscansinternational.org\\\/fr\\\/#\\\/schema\\\/logo\\\/image\\\/\"},\"sameAs\":[\"https:\\\/\\\/www.facebook.com\\\/FranciscansInternational\\\/\",\"https:\\\/\\\/x.com\\\/FranciscansIntl\",\"https:\\\/\\\/www.youtube.com\\\/channel\\\/UCexu0i-fWB4wwrlPMCz8_Zg\"]}]}<\/script>\n<!-- \/ Yoast SEO plugin. -->","yoast_head_json":{"title":"S\u0153ur M\u00e8re Terre et l\u2019Appel \u00e0 la Conversion \u00c9cologique - Franciscans International (FR)","robots":{"index":"index","follow":"follow","max-snippet":"max-snippet:-1","max-image-preview":"max-image-preview:large","max-video-preview":"max-video-preview:-1"},"canonical":"https:\/\/franciscansinternational.org\/fr\/reflection\/soeur-mere-terre-et-lappel-a-la-conversion-ecologique\/","og_locale":"fr_FR","og_type":"article","og_title":"S\u0153ur M\u00e8re Terre et l\u2019Appel \u00e0 la Conversion \u00c9cologique - Franciscans International (FR)","og_description":"\u201cLou\u00e9 sois-tu, mon Seigneur, par notre s\u0153ur, la Terre,qui nous nourrit et nous gouverne,produisant des fruits vari\u00e9s, des fleurs color\u00e9es ...","og_url":"https:\/\/franciscansinternational.org\/fr\/reflection\/soeur-mere-terre-et-lappel-a-la-conversion-ecologique\/","og_site_name":"Franciscans International (FR)","article_publisher":"https:\/\/www.facebook.com\/FranciscansInternational\/","article_modified_time":"2026-04-22T08:43:51+00:00","og_image":[{"width":2048,"height":1536,"url":"https:\/\/franciscansinternational.org\/fr\/wp-content\/uploads\/sites\/6\/2026\/04\/Original-2.jpg","type":"image\/jpeg"}],"twitter_card":"summary_large_image","twitter_site":"@FranciscansIntl","twitter_misc":{"Dur\u00e9e de lecture estim\u00e9e":"4 minutes"},"schema":{"@context":"https:\/\/schema.org","@graph":[{"@type":"WebPage","@id":"https:\/\/franciscansinternational.org\/fr\/reflection\/soeur-mere-terre-et-lappel-a-la-conversion-ecologique\/","url":"https:\/\/franciscansinternational.org\/fr\/reflection\/soeur-mere-terre-et-lappel-a-la-conversion-ecologique\/","name":"S\u0153ur M\u00e8re Terre et l\u2019Appel \u00e0 la Conversion \u00c9cologique - Franciscans International (FR)","isPartOf":{"@id":"https:\/\/franciscansinternational.org\/fr\/#website"},"primaryImageOfPage":{"@id":"https:\/\/franciscansinternational.org\/fr\/reflection\/soeur-mere-terre-et-lappel-a-la-conversion-ecologique\/#primaryimage"},"image":{"@id":"https:\/\/franciscansinternational.org\/fr\/reflection\/soeur-mere-terre-et-lappel-a-la-conversion-ecologique\/#primaryimage"},"thumbnailUrl":"https:\/\/franciscansinternational.org\/fr\/wp-content\/uploads\/sites\/6\/2026\/04\/Original-2.jpg","datePublished":"2026-04-22T08:43:50+00:00","dateModified":"2026-04-22T08:43:51+00:00","breadcrumb":{"@id":"https:\/\/franciscansinternational.org\/fr\/reflection\/soeur-mere-terre-et-lappel-a-la-conversion-ecologique\/#breadcrumb"},"inLanguage":"fr-FR","potentialAction":[{"@type":"ReadAction","target":["https:\/\/franciscansinternational.org\/fr\/reflection\/soeur-mere-terre-et-lappel-a-la-conversion-ecologique\/"]}]},{"@type":"ImageObject","inLanguage":"fr-FR","@id":"https:\/\/franciscansinternational.org\/fr\/reflection\/soeur-mere-terre-et-lappel-a-la-conversion-ecologique\/#primaryimage","url":"https:\/\/franciscansinternational.org\/fr\/wp-content\/uploads\/sites\/6\/2026\/04\/Original-2.jpg","contentUrl":"https:\/\/franciscansinternational.org\/fr\/wp-content\/uploads\/sites\/6\/2026\/04\/Original-2.jpg","width":2048,"height":1536},{"@type":"BreadcrumbList","@id":"https:\/\/franciscansinternational.org\/fr\/reflection\/soeur-mere-terre-et-lappel-a-la-conversion-ecologique\/#breadcrumb","itemListElement":[{"@type":"ListItem","position":1,"name":"Home","item":"https:\/\/franciscansinternational.org\/fr\/"},{"@type":"ListItem","position":2,"name":"R\u00e9flexions spirituelles","item":"https:\/\/franciscansinternational.org\/fr\/reflection\/"},{"@type":"ListItem","position":3,"name":"S\u0153ur M\u00e8re Terre et l\u2019Appel \u00e0 la Conversion \u00c9cologique"}]},{"@type":"WebSite","@id":"https:\/\/franciscansinternational.org\/fr\/#website","url":"https:\/\/franciscansinternational.org\/fr\/","name":"Franciscans International (FR)","description":"","publisher":{"@id":"https:\/\/franciscansinternational.org\/fr\/#organization"},"potentialAction":[{"@type":"SearchAction","target":{"@type":"EntryPoint","urlTemplate":"https:\/\/franciscansinternational.org\/fr\/?s={search_term_string}"},"query-input":{"@type":"PropertyValueSpecification","valueRequired":true,"valueName":"search_term_string"}}],"inLanguage":"fr-FR"},{"@type":"Organization","@id":"https:\/\/franciscansinternational.org\/fr\/#organization","name":"Franciscans International (FR)","url":"https:\/\/franciscansinternational.org\/fr\/","logo":{"@type":"ImageObject","inLanguage":"fr-FR","@id":"https:\/\/franciscansinternational.org\/fr\/#\/schema\/logo\/image\/","url":"https:\/\/franciscansinternational.org\/wp-content\/uploads\/sites\/6\/2023\/05\/logo-3.png","contentUrl":"https:\/\/franciscansinternational.org\/wp-content\/uploads\/sites\/6\/2023\/05\/logo-3.png","width":1200,"height":205,"caption":"Franciscans International (FR)"},"image":{"@id":"https:\/\/franciscansinternational.org\/fr\/#\/schema\/logo\/image\/"},"sameAs":["https:\/\/www.facebook.com\/FranciscansInternational\/","https:\/\/x.com\/FranciscansIntl","https:\/\/www.youtube.com\/channel\/UCexu0i-fWB4wwrlPMCz8_Zg"]}]}},"jetpack_sharing_enabled":true,"_links":{"self":[{"href":"https:\/\/franciscansinternational.org\/fr\/wp-json\/wp\/v2\/reflection\/1058","targetHints":{"allow":["GET"]}}],"collection":[{"href":"https:\/\/franciscansinternational.org\/fr\/wp-json\/wp\/v2\/reflection"}],"about":[{"href":"https:\/\/franciscansinternational.org\/fr\/wp-json\/wp\/v2\/types\/reflection"}],"version-history":[{"count":6,"href":"https:\/\/franciscansinternational.org\/fr\/wp-json\/wp\/v2\/reflection\/1058\/revisions"}],"predecessor-version":[{"id":1067,"href":"https:\/\/franciscansinternational.org\/fr\/wp-json\/wp\/v2\/reflection\/1058\/revisions\/1067"}],"wp:featuredmedia":[{"embeddable":true,"href":"https:\/\/franciscansinternational.org\/fr\/wp-json\/wp\/v2\/media\/1059"}],"wp:attachment":[{"href":"https:\/\/franciscansinternational.org\/fr\/wp-json\/wp\/v2\/media?parent=1058"}],"curies":[{"name":"wp","href":"https:\/\/api.w.org\/{rel}","templated":true}]}}