{"id":142,"date":"2018-02-14T13:52:00","date_gmt":"2018-02-14T13:52:00","guid":{"rendered":"https:\/\/franciscansinternational.kinsta.cloud\/fr\/?post_type=reflection&#038;p=142"},"modified":"2023-03-10T13:53:54","modified_gmt":"2023-03-10T13:53:54","slug":"reflexions-de-careme-sept-dernieres-paroles-sept-actions","status":"publish","type":"reflection","link":"https:\/\/franciscansinternational.org\/fr\/reflection\/reflexions-de-careme-sept-dernieres-paroles-sept-actions\/","title":{"rendered":"R\u00e9flexions de Car\u00eame : Sept Derni\u00e8res Paroles, Sept Actions"},"content":{"rendered":"\n<p>\u00ab Les sept derni\u00e8res paroles \u00bb forment le th\u00e8me d\u2019une m\u00e9ditation traditionnelle en temps de Car\u00eame, \u00e0 partir des derni\u00e8res paroles de J\u00e9sus de Nazareth sur la croix. Elle permet aux fid\u00e8les de m\u00e9diter et de s\u2019identifier \u00e0 la souffrance et \u00e0 la passion du Christ.<\/p>\n\n\n\n<p>Franciscans International propose une interpr\u00e9tation contemporaine de cette tradition du Car\u00eame en r\u00e9fl\u00e9chissant aux derniers mots de J\u00e9sus \u00e0 travers le prisme de la migration. Comme J\u00e9sus de Nazareth, qui a endur\u00e9 la cruaut\u00e9 d\u00e9shumanisante, de nombreux migrants et r\u00e9fugi\u00e9s connaissent aujourd\u2019hui la d\u00e9shumanisation \u00e0 cause de la violence et de la pauvret\u00e9, de lois injustes et de politiques d\u2019immigration inadapt\u00e9es, de la x\u00e9nophobie, du racisme et d\u2019innombrables autres causes. En 2017, les migrations internationales ont atteint un niveau record : on estime que 258 millions de personnes vivent dans un autre pays que leur pays de naissance (Nations Unies, International Migration Report 2017) .<\/p>\n\n\n\n<p>Le pape Fran\u00e7ois, qui a exprim\u00e9 \u00ab une pr\u00e9occupation particuli\u00e8re pour la nature forc\u00e9e de nombreux mouvements migratoires contemporains \u00bb, a appel\u00e9 \u00e0 \u00ab une r\u00e9ponse coordonn\u00e9e et efficace \u00e0 ces d\u00e9fis \u00bb (Forum sur la migration et la paix 2017). Sa vision, qui peut \u00ab s\u2019articuler autour de quatre verbes : accueillir, prot\u00e9ger, encourager et int\u00e9grer \u00bb (Pape Fran\u00e7ois, Forum sur la migration et la paix 2017), invite les croyants \u00e0 r\u00e9pondre \u00e0 la question de la migration de mani\u00e8re juste, compatissante et globale.<\/p>\n\n\n\n<p>De m\u00eame, les Nations Unies ont entam\u00e9 le processus d\u2019\u00e9laboration d\u2019un Pacte mondial pour des migrations s\u00fbres et ordonn\u00e9es, qui vise \u00e0 \u00eatre le premier accord intergouvernemental sur les migrations internationales. Diff\u00e9rents acteurs, y compris des organisations non gouvernementales telles que Franciscans International, travaillent actuellement \u00e0 faire en sorte que ce Pacte mondial comprenne une approche holistique de la migration fond\u00e9e sur les droits.<\/p>\n\n\n\n<p>En m\u00e9ditant sur la passion du Christ \u00e0 travers le prisme de la migration, nous pouvons nous engager dans une profonde r\u00e9flexion spirituelle sur les r\u00e9alit\u00e9s auxquelles sont confront\u00e9s tant de nos fr\u00e8res et soeurs migrants et r\u00e9fugi\u00e9s, et commencer \u00e0 envisager des r\u00e9ponses \u00e0 cette question urgente. Les sept actions propos\u00e9es ici, qui s\u2019inspirent de la d\u00e9claration du Saint-Si\u00e8ge intitul\u00e9e \u00ab Apporter une r\u00e9ponse aux r\u00e9fugi\u00e9s et aux migrants : Vingt points d\u2019action \u00bb , et \u00ab Maintenant et comment : Dix Actes pour le Pacte mondial \u00bb \u00e9manant de la soci\u00e9t\u00e9 civile, sont sept actions quotidiennes que tous les croyants et les hommes de bonne volont\u00e9 peuvent faire pour soutenir et d\u00e9fendre la dignit\u00e9 et les droits de nos fr\u00e8res et soeurs migrants et r\u00e9fugi\u00e9s.<\/p>\n\n\n\n<div data-wp-interactive=\"core\/file\" class=\"wp-block-file\"><object data-wp-bind--hidden=\"!state.hasPdfPreview\" hidden class=\"wp-block-file__embed\" data=\"https:\/\/franciscansinternational.org\/wp-content\/uploads\/sites\/6\/2023\/03\/Lent_2018_-_Seven_Last_Words_-_FR.pdf\" type=\"application\/pdf\" style=\"width:100%;height:600px\" aria-label=\"Contenu embarqu\u00e9 Lent_2018_-_Seven_Last_Words_-_FR.\"><\/object><a id=\"wp-block-file--media-fe787f04-6a29-4d15-adfb-a3c35523f874\" href=\"https:\/\/franciscansinternational.org\/wp-content\/uploads\/sites\/6\/2023\/03\/Lent_2018_-_Seven_Last_Words_-_FR.pdf\">Lent_2018_-_Seven_Last_Words_-_FR<\/a><a href=\"https:\/\/franciscansinternational.org\/wp-content\/uploads\/sites\/6\/2023\/03\/Lent_2018_-_Seven_Last_Words_-_FR.pdf\" class=\"wp-block-file__button wp-element-button\" download aria-describedby=\"wp-block-file--media-fe787f04-6a29-4d15-adfb-a3c35523f874\">T\u00e9l\u00e9charger<\/a><\/div>\n","protected":false},"excerpt":{"rendered":"<p>\u00ab Les sept derni\u00e8res paroles \u00bb forment le th\u00e8me d\u2019une m\u00e9ditation traditionnelle en temps de Car\u00eame, \u00e0 partir des derni\u00e8res &#8230; <\/p>\n","protected":false},"featured_media":143,"template":"","class_list":["post-142","reflection","type-reflection","status-publish","has-post-thumbnail","hentry"],"acf":[],"yoast_head":"<!-- This site is optimized with the Yoast SEO plugin v27.5 - https:\/\/yoast.com\/product\/yoast-seo-wordpress\/ -->\n<title>R\u00e9flexions de Car\u00eame : Sept Derni\u00e8res Paroles, Sept Actions - Franciscans International (FR)<\/title>\n<meta name=\"robots\" content=\"index, follow, max-snippet:-1, max-image-preview:large, max-video-preview:-1\" \/>\n<link rel=\"canonical\" href=\"https:\/\/franciscansinternational.org\/fr\/reflection\/reflexions-de-careme-sept-dernieres-paroles-sept-actions\/\" \/>\n<meta property=\"og:locale\" content=\"fr_FR\" \/>\n<meta property=\"og:type\" content=\"article\" \/>\n<meta property=\"og:title\" content=\"R\u00e9flexions de Car\u00eame : Sept Derni\u00e8res Paroles, Sept Actions - Franciscans International (FR)\" \/>\n<meta property=\"og:description\" content=\"\u00ab Les sept derni\u00e8res paroles \u00bb forment le th\u00e8me d\u2019une m\u00e9ditation traditionnelle en temps de Car\u00eame, \u00e0 partir des derni\u00e8res ...\" \/>\n<meta property=\"og:url\" content=\"https:\/\/franciscansinternational.org\/fr\/reflection\/reflexions-de-careme-sept-dernieres-paroles-sept-actions\/\" \/>\n<meta property=\"og:site_name\" content=\"Franciscans International (FR)\" \/>\n<meta property=\"article:publisher\" content=\"https:\/\/www.facebook.com\/FranciscansInternational\/\" \/>\n<meta property=\"article:modified_time\" content=\"2023-03-10T13:53:54+00:00\" \/>\n<meta property=\"og:image\" content=\"https:\/\/franciscansinternational.org\/wp-content\/uploads\/sites\/6\/2023\/03\/Lenten2018.jpg\" \/>\n\t<meta property=\"og:image:width\" content=\"1213\" \/>\n\t<meta property=\"og:image:height\" content=\"758\" \/>\n\t<meta property=\"og:image:type\" content=\"image\/jpeg\" \/>\n<meta name=\"twitter:card\" content=\"summary_large_image\" \/>\n<meta name=\"twitter:site\" content=\"@FranciscansIntl\" \/>\n<meta name=\"twitter:label1\" content=\"Dur\u00e9e de lecture estim\u00e9e\" \/>\n\t<meta name=\"twitter:data1\" content=\"3 minutes\" \/>\n<script type=\"application\/ld+json\" class=\"yoast-schema-graph\">{\"@context\":\"https:\\\/\\\/schema.org\",\"@graph\":[{\"@type\":\"WebPage\",\"@id\":\"https:\\\/\\\/franciscansinternational.org\\\/fr\\\/reflection\\\/reflexions-de-careme-sept-dernieres-paroles-sept-actions\\\/\",\"url\":\"https:\\\/\\\/franciscansinternational.org\\\/fr\\\/reflection\\\/reflexions-de-careme-sept-dernieres-paroles-sept-actions\\\/\",\"name\":\"R\u00e9flexions de Car\u00eame : Sept Derni\u00e8res Paroles, Sept Actions - Franciscans International (FR)\",\"isPartOf\":{\"@id\":\"https:\\\/\\\/franciscansinternational.org\\\/fr\\\/#website\"},\"primaryImageOfPage\":{\"@id\":\"https:\\\/\\\/franciscansinternational.org\\\/fr\\\/reflection\\\/reflexions-de-careme-sept-dernieres-paroles-sept-actions\\\/#primaryimage\"},\"image\":{\"@id\":\"https:\\\/\\\/franciscansinternational.org\\\/fr\\\/reflection\\\/reflexions-de-careme-sept-dernieres-paroles-sept-actions\\\/#primaryimage\"},\"thumbnailUrl\":\"https:\\\/\\\/franciscansinternational.org\\\/fr\\\/wp-content\\\/uploads\\\/sites\\\/6\\\/2023\\\/03\\\/Lenten2018.jpg\",\"datePublished\":\"2018-02-14T13:52:00+00:00\",\"dateModified\":\"2023-03-10T13:53:54+00:00\",\"breadcrumb\":{\"@id\":\"https:\\\/\\\/franciscansinternational.org\\\/fr\\\/reflection\\\/reflexions-de-careme-sept-dernieres-paroles-sept-actions\\\/#breadcrumb\"},\"inLanguage\":\"fr-FR\",\"potentialAction\":[{\"@type\":\"ReadAction\",\"target\":[\"https:\\\/\\\/franciscansinternational.org\\\/fr\\\/reflection\\\/reflexions-de-careme-sept-dernieres-paroles-sept-actions\\\/\"]}]},{\"@type\":\"ImageObject\",\"inLanguage\":\"fr-FR\",\"@id\":\"https:\\\/\\\/franciscansinternational.org\\\/fr\\\/reflection\\\/reflexions-de-careme-sept-dernieres-paroles-sept-actions\\\/#primaryimage\",\"url\":\"https:\\\/\\\/franciscansinternational.org\\\/fr\\\/wp-content\\\/uploads\\\/sites\\\/6\\\/2023\\\/03\\\/Lenten2018.jpg\",\"contentUrl\":\"https:\\\/\\\/franciscansinternational.org\\\/fr\\\/wp-content\\\/uploads\\\/sites\\\/6\\\/2023\\\/03\\\/Lenten2018.jpg\",\"width\":1213,\"height\":758},{\"@type\":\"BreadcrumbList\",\"@id\":\"https:\\\/\\\/franciscansinternational.org\\\/fr\\\/reflection\\\/reflexions-de-careme-sept-dernieres-paroles-sept-actions\\\/#breadcrumb\",\"itemListElement\":[{\"@type\":\"ListItem\",\"position\":1,\"name\":\"Home\",\"item\":\"https:\\\/\\\/franciscansinternational.org\\\/fr\\\/\"},{\"@type\":\"ListItem\",\"position\":2,\"name\":\"R\u00e9flexions spirituelles\",\"item\":\"https:\\\/\\\/franciscansinternational.org\\\/fr\\\/reflection\\\/\"},{\"@type\":\"ListItem\",\"position\":3,\"name\":\"R\u00e9flexions de Car\u00eame : Sept Derni\u00e8res Paroles, Sept Actions\"}]},{\"@type\":\"WebSite\",\"@id\":\"https:\\\/\\\/franciscansinternational.org\\\/fr\\\/#website\",\"url\":\"https:\\\/\\\/franciscansinternational.org\\\/fr\\\/\",\"name\":\"Franciscans International (FR)\",\"description\":\"\",\"publisher\":{\"@id\":\"https:\\\/\\\/franciscansinternational.org\\\/fr\\\/#organization\"},\"potentialAction\":[{\"@type\":\"SearchAction\",\"target\":{\"@type\":\"EntryPoint\",\"urlTemplate\":\"https:\\\/\\\/franciscansinternational.org\\\/fr\\\/?s={search_term_string}\"},\"query-input\":{\"@type\":\"PropertyValueSpecification\",\"valueRequired\":true,\"valueName\":\"search_term_string\"}}],\"inLanguage\":\"fr-FR\"},{\"@type\":\"Organization\",\"@id\":\"https:\\\/\\\/franciscansinternational.org\\\/fr\\\/#organization\",\"name\":\"Franciscans International (FR)\",\"url\":\"https:\\\/\\\/franciscansinternational.org\\\/fr\\\/\",\"logo\":{\"@type\":\"ImageObject\",\"inLanguage\":\"fr-FR\",\"@id\":\"https:\\\/\\\/franciscansinternational.org\\\/fr\\\/#\\\/schema\\\/logo\\\/image\\\/\",\"url\":\"https:\\\/\\\/franciscansinternational.org\\\/wp-content\\\/uploads\\\/sites\\\/6\\\/2023\\\/05\\\/logo-3.png\",\"contentUrl\":\"https:\\\/\\\/franciscansinternational.org\\\/wp-content\\\/uploads\\\/sites\\\/6\\\/2023\\\/05\\\/logo-3.png\",\"width\":1200,\"height\":205,\"caption\":\"Franciscans International (FR)\"},\"image\":{\"@id\":\"https:\\\/\\\/franciscansinternational.org\\\/fr\\\/#\\\/schema\\\/logo\\\/image\\\/\"},\"sameAs\":[\"https:\\\/\\\/www.facebook.com\\\/FranciscansInternational\\\/\",\"https:\\\/\\\/x.com\\\/FranciscansIntl\",\"https:\\\/\\\/www.youtube.com\\\/channel\\\/UCexu0i-fWB4wwrlPMCz8_Zg\"]}]}<\/script>\n<!-- \/ Yoast SEO plugin. -->","yoast_head_json":{"title":"R\u00e9flexions de Car\u00eame : Sept Derni\u00e8res Paroles, Sept Actions - Franciscans International (FR)","robots":{"index":"index","follow":"follow","max-snippet":"max-snippet:-1","max-image-preview":"max-image-preview:large","max-video-preview":"max-video-preview:-1"},"canonical":"https:\/\/franciscansinternational.org\/fr\/reflection\/reflexions-de-careme-sept-dernieres-paroles-sept-actions\/","og_locale":"fr_FR","og_type":"article","og_title":"R\u00e9flexions de Car\u00eame : Sept Derni\u00e8res Paroles, Sept Actions - Franciscans International (FR)","og_description":"\u00ab Les sept derni\u00e8res paroles \u00bb forment le th\u00e8me d\u2019une m\u00e9ditation traditionnelle en temps de Car\u00eame, \u00e0 partir des derni\u00e8res ...","og_url":"https:\/\/franciscansinternational.org\/fr\/reflection\/reflexions-de-careme-sept-dernieres-paroles-sept-actions\/","og_site_name":"Franciscans International (FR)","article_publisher":"https:\/\/www.facebook.com\/FranciscansInternational\/","article_modified_time":"2023-03-10T13:53:54+00:00","og_image":[{"width":1213,"height":758,"url":"https:\/\/franciscansinternational.org\/wp-content\/uploads\/sites\/6\/2023\/03\/Lenten2018.jpg","type":"image\/jpeg"}],"twitter_card":"summary_large_image","twitter_site":"@FranciscansIntl","twitter_misc":{"Dur\u00e9e de lecture estim\u00e9e":"3 minutes"},"schema":{"@context":"https:\/\/schema.org","@graph":[{"@type":"WebPage","@id":"https:\/\/franciscansinternational.org\/fr\/reflection\/reflexions-de-careme-sept-dernieres-paroles-sept-actions\/","url":"https:\/\/franciscansinternational.org\/fr\/reflection\/reflexions-de-careme-sept-dernieres-paroles-sept-actions\/","name":"R\u00e9flexions de Car\u00eame : Sept Derni\u00e8res Paroles, Sept Actions - Franciscans International (FR)","isPartOf":{"@id":"https:\/\/franciscansinternational.org\/fr\/#website"},"primaryImageOfPage":{"@id":"https:\/\/franciscansinternational.org\/fr\/reflection\/reflexions-de-careme-sept-dernieres-paroles-sept-actions\/#primaryimage"},"image":{"@id":"https:\/\/franciscansinternational.org\/fr\/reflection\/reflexions-de-careme-sept-dernieres-paroles-sept-actions\/#primaryimage"},"thumbnailUrl":"https:\/\/franciscansinternational.org\/fr\/wp-content\/uploads\/sites\/6\/2023\/03\/Lenten2018.jpg","datePublished":"2018-02-14T13:52:00+00:00","dateModified":"2023-03-10T13:53:54+00:00","breadcrumb":{"@id":"https:\/\/franciscansinternational.org\/fr\/reflection\/reflexions-de-careme-sept-dernieres-paroles-sept-actions\/#breadcrumb"},"inLanguage":"fr-FR","potentialAction":[{"@type":"ReadAction","target":["https:\/\/franciscansinternational.org\/fr\/reflection\/reflexions-de-careme-sept-dernieres-paroles-sept-actions\/"]}]},{"@type":"ImageObject","inLanguage":"fr-FR","@id":"https:\/\/franciscansinternational.org\/fr\/reflection\/reflexions-de-careme-sept-dernieres-paroles-sept-actions\/#primaryimage","url":"https:\/\/franciscansinternational.org\/fr\/wp-content\/uploads\/sites\/6\/2023\/03\/Lenten2018.jpg","contentUrl":"https:\/\/franciscansinternational.org\/fr\/wp-content\/uploads\/sites\/6\/2023\/03\/Lenten2018.jpg","width":1213,"height":758},{"@type":"BreadcrumbList","@id":"https:\/\/franciscansinternational.org\/fr\/reflection\/reflexions-de-careme-sept-dernieres-paroles-sept-actions\/#breadcrumb","itemListElement":[{"@type":"ListItem","position":1,"name":"Home","item":"https:\/\/franciscansinternational.org\/fr\/"},{"@type":"ListItem","position":2,"name":"R\u00e9flexions spirituelles","item":"https:\/\/franciscansinternational.org\/fr\/reflection\/"},{"@type":"ListItem","position":3,"name":"R\u00e9flexions de Car\u00eame : Sept Derni\u00e8res Paroles, Sept Actions"}]},{"@type":"WebSite","@id":"https:\/\/franciscansinternational.org\/fr\/#website","url":"https:\/\/franciscansinternational.org\/fr\/","name":"Franciscans International (FR)","description":"","publisher":{"@id":"https:\/\/franciscansinternational.org\/fr\/#organization"},"potentialAction":[{"@type":"SearchAction","target":{"@type":"EntryPoint","urlTemplate":"https:\/\/franciscansinternational.org\/fr\/?s={search_term_string}"},"query-input":{"@type":"PropertyValueSpecification","valueRequired":true,"valueName":"search_term_string"}}],"inLanguage":"fr-FR"},{"@type":"Organization","@id":"https:\/\/franciscansinternational.org\/fr\/#organization","name":"Franciscans International (FR)","url":"https:\/\/franciscansinternational.org\/fr\/","logo":{"@type":"ImageObject","inLanguage":"fr-FR","@id":"https:\/\/franciscansinternational.org\/fr\/#\/schema\/logo\/image\/","url":"https:\/\/franciscansinternational.org\/wp-content\/uploads\/sites\/6\/2023\/05\/logo-3.png","contentUrl":"https:\/\/franciscansinternational.org\/wp-content\/uploads\/sites\/6\/2023\/05\/logo-3.png","width":1200,"height":205,"caption":"Franciscans International (FR)"},"image":{"@id":"https:\/\/franciscansinternational.org\/fr\/#\/schema\/logo\/image\/"},"sameAs":["https:\/\/www.facebook.com\/FranciscansInternational\/","https:\/\/x.com\/FranciscansIntl","https:\/\/www.youtube.com\/channel\/UCexu0i-fWB4wwrlPMCz8_Zg"]}]}},"jetpack_sharing_enabled":true,"_links":{"self":[{"href":"https:\/\/franciscansinternational.org\/fr\/wp-json\/wp\/v2\/reflection\/142","targetHints":{"allow":["GET"]}}],"collection":[{"href":"https:\/\/franciscansinternational.org\/fr\/wp-json\/wp\/v2\/reflection"}],"about":[{"href":"https:\/\/franciscansinternational.org\/fr\/wp-json\/wp\/v2\/types\/reflection"}],"version-history":[{"count":2,"href":"https:\/\/franciscansinternational.org\/fr\/wp-json\/wp\/v2\/reflection\/142\/revisions"}],"predecessor-version":[{"id":146,"href":"https:\/\/franciscansinternational.org\/fr\/wp-json\/wp\/v2\/reflection\/142\/revisions\/146"}],"wp:featuredmedia":[{"embeddable":true,"href":"https:\/\/franciscansinternational.org\/fr\/wp-json\/wp\/v2\/media\/143"}],"wp:attachment":[{"href":"https:\/\/franciscansinternational.org\/fr\/wp-json\/wp\/v2\/media?parent=142"}],"curies":[{"name":"wp","href":"https:\/\/api.w.org\/{rel}","templated":true}]}}