{"id":189,"date":"2018-02-14T14:00:00","date_gmt":"2018-02-14T14:00:00","guid":{"rendered":"https:\/\/franciscansinternational.kinsta.cloud\/it\/?post_type=reflection&#038;p=189"},"modified":"2023-03-10T14:02:24","modified_gmt":"2023-03-10T14:02:24","slug":"riflessioni-quaresimali-sette-ultime-parole-sette-azioni","status":"publish","type":"reflection","link":"https:\/\/franciscansinternational.org\/it\/reflection\/riflessioni-quaresimali-sette-ultime-parole-sette-azioni\/","title":{"rendered":"Riflessioni quaresimali: Sette Ultime Parole Sette Azioni"},"content":{"rendered":"\n<p>Le Sette Ultime Parole sono una adorazione che riflette sulle parole pronunciate da Ges\u00f9 di Nazareth durante la crocefissione. Invocate tradizionalmente durante la quaresima, le Sette Ultime Parole danno ai fedeli un modo per meditare sulle sofferenze e la passione di Cristo, e per identificarsi con esse.<\/p>\n\n\n\n<p>Franciscans International offre una versione contemporanea di questa tradizione quaresimale, riflettendo sulle ultime parole di Ges\u00f9 attraverso la prospettiva delle migrazioni. Allo stesso modo di Ges\u00f9 di Nazareth, che ha patito crudelt\u00e0 disumanizzanti, molti migranti e rifugiati vivono oggi una disumanizzazione come risultato della violenza e della povert\u00e0, di leggi ingiuste e politiche sull\u2019immigrazione inadeguate, della xenofobia, del razzismo, e di una miriade di altri casi. Il 2017 ha visto la migrazione internazionale raggiungere un massimo storico, con approssimativamente 258 milioni di persone che risiedono in un paese diverso da quello di nascita (Nazioni Unite, Relazione sulle Migrazioni 2017).<\/p>\n\n\n\n<p>Papa Francesco, ha detto \u201csento di dover esprimere una particolare preoccupazione per la natura forzosa di molti flussi migratori contemporanei,\u201d e ha auspicato \u201cdi rispondere ancor pi\u00f9 urgentemente a tali sfide in modo coordinato ed efficace\u201d (Forum Internazionale \u201cMigrazioni e Pace\u201d 2017). La sua visione, che si pu\u00f2 \u201carticolare attorno a quattro verbi: accogliere, proteggere, promuovere e integrare\u201d (Papa Francesco, Forum Internazionale \u201cMigrazioni e Pace\u201d 2017), invita le persone di fede a reagire alla questione delle migrazioni in una maniera giusta, compassionevole e comprensiva.<\/p>\n\n\n\n<p>Allo stesso modo, le Nazioni Unite hanno iniziato il processo di costituzione di un Patto Globale sulla Migrazione Sicura e Regolata, che mira a essere il primo accordo intergovernativo ad affrontare le migrazioni internazionali. Diversi protagonisti, tra cui organizzazioni non governative come Franciscans International, stanno attualmente operando per assicurare che questo Patto Globale includa un approccio nei confronti delle migrazioni che sia olistico e basato sui diritti.<\/p>\n\n\n\n<p>Meditando sulla passione di Cristo attraverso la prospettiva delle migrazioni possiamo intraprendere una riflessione profonda e spirituale sulle realt\u00e0 affrontate da tanti nostri fratelli e sorelle migranti, e possiamo cominciare a prendere in considerazione reazioni a questa scottante questione. Le Sette Azioni qui proposte, che sono ispirate dalla dichiarazione della Santa Sede dal titolo Rispondere alle sfide dei migranti e rifugiati: venti punti di azione per i patti globali, e Da Adesso E In Che Modo, Dieci Azioni Per Il Patto Globale, dalla societ\u00e0 civile, riassume sette azioni quotidiane che tutte le persone di fede e di buona volont\u00e0 possono compiere per sostenere e difendere la dignit\u00e0 e i diritti umani dei nostri fratelli e sorelle migranti e rifugiati.<\/p>\n\n\n\n<div data-wp-interactive=\"core\/file\" class=\"wp-block-file\"><object data-wp-bind--hidden=\"!state.hasPdfPreview\" hidden class=\"wp-block-file__embed\" data=\"https:\/\/franciscansinternational.org\/wp-content\/uploads\/sites\/2\/2023\/03\/Lent_2018_-_Seven_Last_Words_-_IT.pdf\" type=\"application\/pdf\" style=\"width:100%;height:600px\" aria-label=\"Incorporamento di Lent_2018_-_Seven_Last_Words_-_IT.\"><\/object><a id=\"wp-block-file--media-c1333843-5ee4-466b-ae51-a510a8794a92\" href=\"https:\/\/franciscansinternational.org\/wp-content\/uploads\/sites\/2\/2023\/03\/Lent_2018_-_Seven_Last_Words_-_IT.pdf\">Lent_2018_-_Seven_Last_Words_-_IT<\/a><a href=\"https:\/\/franciscansinternational.org\/wp-content\/uploads\/sites\/2\/2023\/03\/Lent_2018_-_Seven_Last_Words_-_IT.pdf\" class=\"wp-block-file__button wp-element-button\" download aria-describedby=\"wp-block-file--media-c1333843-5ee4-466b-ae51-a510a8794a92\">Download<\/a><\/div>\n","protected":false},"excerpt":{"rendered":"<p>Le Sette Ultime Parole sono una adorazione che riflette sulle parole pronunciate da Ges\u00f9 di Nazareth durante la crocefissione. Invocate &#8230; <\/p>\n","protected":false},"featured_media":190,"template":"","class_list":["post-189","reflection","type-reflection","status-publish","has-post-thumbnail","hentry"],"acf":[],"yoast_head":"<!-- This site is optimized with the Yoast SEO plugin v27.5 - https:\/\/yoast.com\/product\/yoast-seo-wordpress\/ -->\n<title>Riflessioni quaresimali: Sette Ultime Parole Sette Azioni - Franciscans International (IT)<\/title>\n<meta name=\"robots\" content=\"index, follow, max-snippet:-1, max-image-preview:large, max-video-preview:-1\" \/>\n<link rel=\"canonical\" href=\"https:\/\/franciscansinternational.org\/it\/reflection\/riflessioni-quaresimali-sette-ultime-parole-sette-azioni\/\" \/>\n<meta property=\"og:locale\" content=\"it_IT\" \/>\n<meta property=\"og:type\" content=\"article\" \/>\n<meta property=\"og:title\" content=\"Riflessioni quaresimali: Sette Ultime Parole Sette Azioni - Franciscans International (IT)\" \/>\n<meta property=\"og:description\" content=\"Le Sette Ultime Parole sono una adorazione che riflette sulle parole pronunciate da Ges\u00f9 di Nazareth durante la crocefissione. Invocate ...\" \/>\n<meta property=\"og:url\" content=\"https:\/\/franciscansinternational.org\/it\/reflection\/riflessioni-quaresimali-sette-ultime-parole-sette-azioni\/\" \/>\n<meta property=\"og:site_name\" content=\"Franciscans International (IT)\" \/>\n<meta property=\"article:publisher\" content=\"https:\/\/www.facebook.com\/FranciscansInternational\/\" \/>\n<meta property=\"article:modified_time\" content=\"2023-03-10T14:02:24+00:00\" \/>\n<meta property=\"og:image\" content=\"https:\/\/franciscansinternational.org\/wp-content\/uploads\/sites\/2\/2023\/03\/Lenten2018.jpg\" \/>\n\t<meta property=\"og:image:width\" content=\"1213\" \/>\n\t<meta property=\"og:image:height\" content=\"758\" \/>\n\t<meta property=\"og:image:type\" content=\"image\/jpeg\" \/>\n<meta name=\"twitter:card\" content=\"summary_large_image\" \/>\n<meta name=\"twitter:site\" content=\"@FranciscansIntl\" \/>\n<meta name=\"twitter:label1\" content=\"Tempo di lettura stimato\" \/>\n\t<meta name=\"twitter:data1\" content=\"3 minuti\" \/>\n<script type=\"application\/ld+json\" class=\"yoast-schema-graph\">{\"@context\":\"https:\\\/\\\/schema.org\",\"@graph\":[{\"@type\":\"WebPage\",\"@id\":\"https:\\\/\\\/franciscansinternational.org\\\/it\\\/reflection\\\/riflessioni-quaresimali-sette-ultime-parole-sette-azioni\\\/\",\"url\":\"https:\\\/\\\/franciscansinternational.org\\\/it\\\/reflection\\\/riflessioni-quaresimali-sette-ultime-parole-sette-azioni\\\/\",\"name\":\"Riflessioni quaresimali: Sette Ultime Parole Sette Azioni - Franciscans International (IT)\",\"isPartOf\":{\"@id\":\"https:\\\/\\\/franciscansinternational.org\\\/it\\\/#website\"},\"primaryImageOfPage\":{\"@id\":\"https:\\\/\\\/franciscansinternational.org\\\/it\\\/reflection\\\/riflessioni-quaresimali-sette-ultime-parole-sette-azioni\\\/#primaryimage\"},\"image\":{\"@id\":\"https:\\\/\\\/franciscansinternational.org\\\/it\\\/reflection\\\/riflessioni-quaresimali-sette-ultime-parole-sette-azioni\\\/#primaryimage\"},\"thumbnailUrl\":\"https:\\\/\\\/franciscansinternational.org\\\/it\\\/wp-content\\\/uploads\\\/sites\\\/2\\\/2023\\\/03\\\/Lenten2018.jpg\",\"datePublished\":\"2018-02-14T14:00:00+00:00\",\"dateModified\":\"2023-03-10T14:02:24+00:00\",\"breadcrumb\":{\"@id\":\"https:\\\/\\\/franciscansinternational.org\\\/it\\\/reflection\\\/riflessioni-quaresimali-sette-ultime-parole-sette-azioni\\\/#breadcrumb\"},\"inLanguage\":\"it-IT\",\"potentialAction\":[{\"@type\":\"ReadAction\",\"target\":[\"https:\\\/\\\/franciscansinternational.org\\\/it\\\/reflection\\\/riflessioni-quaresimali-sette-ultime-parole-sette-azioni\\\/\"]}]},{\"@type\":\"ImageObject\",\"inLanguage\":\"it-IT\",\"@id\":\"https:\\\/\\\/franciscansinternational.org\\\/it\\\/reflection\\\/riflessioni-quaresimali-sette-ultime-parole-sette-azioni\\\/#primaryimage\",\"url\":\"https:\\\/\\\/franciscansinternational.org\\\/it\\\/wp-content\\\/uploads\\\/sites\\\/2\\\/2023\\\/03\\\/Lenten2018.jpg\",\"contentUrl\":\"https:\\\/\\\/franciscansinternational.org\\\/it\\\/wp-content\\\/uploads\\\/sites\\\/2\\\/2023\\\/03\\\/Lenten2018.jpg\",\"width\":1213,\"height\":758},{\"@type\":\"BreadcrumbList\",\"@id\":\"https:\\\/\\\/franciscansinternational.org\\\/it\\\/reflection\\\/riflessioni-quaresimali-sette-ultime-parole-sette-azioni\\\/#breadcrumb\",\"itemListElement\":[{\"@type\":\"ListItem\",\"position\":1,\"name\":\"Home\",\"item\":\"https:\\\/\\\/franciscansinternational.org\\\/it\\\/\"},{\"@type\":\"ListItem\",\"position\":2,\"name\":\"Riflessioni spirituali\",\"item\":\"https:\\\/\\\/franciscansinternational.org\\\/it\\\/reflection\\\/\"},{\"@type\":\"ListItem\",\"position\":3,\"name\":\"Riflessioni quaresimali: Sette Ultime Parole Sette Azioni\"}]},{\"@type\":\"WebSite\",\"@id\":\"https:\\\/\\\/franciscansinternational.org\\\/it\\\/#website\",\"url\":\"https:\\\/\\\/franciscansinternational.org\\\/it\\\/\",\"name\":\"Franciscans International (IT)\",\"description\":\"Just another Franciscans International site\",\"publisher\":{\"@id\":\"https:\\\/\\\/franciscansinternational.org\\\/it\\\/#organization\"},\"potentialAction\":[{\"@type\":\"SearchAction\",\"target\":{\"@type\":\"EntryPoint\",\"urlTemplate\":\"https:\\\/\\\/franciscansinternational.org\\\/it\\\/?s={search_term_string}\"},\"query-input\":{\"@type\":\"PropertyValueSpecification\",\"valueRequired\":true,\"valueName\":\"search_term_string\"}}],\"inLanguage\":\"it-IT\"},{\"@type\":\"Organization\",\"@id\":\"https:\\\/\\\/franciscansinternational.org\\\/it\\\/#organization\",\"name\":\"Franciscans International\",\"url\":\"https:\\\/\\\/franciscansinternational.org\\\/it\\\/\",\"logo\":{\"@type\":\"ImageObject\",\"inLanguage\":\"it-IT\",\"@id\":\"https:\\\/\\\/franciscansinternational.org\\\/it\\\/#\\\/schema\\\/logo\\\/image\\\/\",\"url\":\"https:\\\/\\\/franciscansinternational.org\\\/wp-content\\\/uploads\\\/sites\\\/2\\\/2023\\\/05\\\/logo-3.png\",\"contentUrl\":\"https:\\\/\\\/franciscansinternational.org\\\/wp-content\\\/uploads\\\/sites\\\/2\\\/2023\\\/05\\\/logo-3.png\",\"width\":1200,\"height\":205,\"caption\":\"Franciscans International\"},\"image\":{\"@id\":\"https:\\\/\\\/franciscansinternational.org\\\/it\\\/#\\\/schema\\\/logo\\\/image\\\/\"},\"sameAs\":[\"https:\\\/\\\/www.facebook.com\\\/FranciscansInternational\\\/\",\"https:\\\/\\\/x.com\\\/FranciscansIntl\",\"https:\\\/\\\/www.youtube.com\\\/channel\\\/UCexu0i-fWB4wwrlPMCz8_Zg\"]}]}<\/script>\n<!-- \/ Yoast SEO plugin. -->","yoast_head_json":{"title":"Riflessioni quaresimali: Sette Ultime Parole Sette Azioni - Franciscans International (IT)","robots":{"index":"index","follow":"follow","max-snippet":"max-snippet:-1","max-image-preview":"max-image-preview:large","max-video-preview":"max-video-preview:-1"},"canonical":"https:\/\/franciscansinternational.org\/it\/reflection\/riflessioni-quaresimali-sette-ultime-parole-sette-azioni\/","og_locale":"it_IT","og_type":"article","og_title":"Riflessioni quaresimali: Sette Ultime Parole Sette Azioni - Franciscans International (IT)","og_description":"Le Sette Ultime Parole sono una adorazione che riflette sulle parole pronunciate da Ges\u00f9 di Nazareth durante la crocefissione. Invocate ...","og_url":"https:\/\/franciscansinternational.org\/it\/reflection\/riflessioni-quaresimali-sette-ultime-parole-sette-azioni\/","og_site_name":"Franciscans International (IT)","article_publisher":"https:\/\/www.facebook.com\/FranciscansInternational\/","article_modified_time":"2023-03-10T14:02:24+00:00","og_image":[{"width":1213,"height":758,"url":"https:\/\/franciscansinternational.org\/wp-content\/uploads\/sites\/2\/2023\/03\/Lenten2018.jpg","type":"image\/jpeg"}],"twitter_card":"summary_large_image","twitter_site":"@FranciscansIntl","twitter_misc":{"Tempo di lettura stimato":"3 minuti"},"schema":{"@context":"https:\/\/schema.org","@graph":[{"@type":"WebPage","@id":"https:\/\/franciscansinternational.org\/it\/reflection\/riflessioni-quaresimali-sette-ultime-parole-sette-azioni\/","url":"https:\/\/franciscansinternational.org\/it\/reflection\/riflessioni-quaresimali-sette-ultime-parole-sette-azioni\/","name":"Riflessioni quaresimali: Sette Ultime Parole Sette Azioni - Franciscans International (IT)","isPartOf":{"@id":"https:\/\/franciscansinternational.org\/it\/#website"},"primaryImageOfPage":{"@id":"https:\/\/franciscansinternational.org\/it\/reflection\/riflessioni-quaresimali-sette-ultime-parole-sette-azioni\/#primaryimage"},"image":{"@id":"https:\/\/franciscansinternational.org\/it\/reflection\/riflessioni-quaresimali-sette-ultime-parole-sette-azioni\/#primaryimage"},"thumbnailUrl":"https:\/\/franciscansinternational.org\/it\/wp-content\/uploads\/sites\/2\/2023\/03\/Lenten2018.jpg","datePublished":"2018-02-14T14:00:00+00:00","dateModified":"2023-03-10T14:02:24+00:00","breadcrumb":{"@id":"https:\/\/franciscansinternational.org\/it\/reflection\/riflessioni-quaresimali-sette-ultime-parole-sette-azioni\/#breadcrumb"},"inLanguage":"it-IT","potentialAction":[{"@type":"ReadAction","target":["https:\/\/franciscansinternational.org\/it\/reflection\/riflessioni-quaresimali-sette-ultime-parole-sette-azioni\/"]}]},{"@type":"ImageObject","inLanguage":"it-IT","@id":"https:\/\/franciscansinternational.org\/it\/reflection\/riflessioni-quaresimali-sette-ultime-parole-sette-azioni\/#primaryimage","url":"https:\/\/franciscansinternational.org\/it\/wp-content\/uploads\/sites\/2\/2023\/03\/Lenten2018.jpg","contentUrl":"https:\/\/franciscansinternational.org\/it\/wp-content\/uploads\/sites\/2\/2023\/03\/Lenten2018.jpg","width":1213,"height":758},{"@type":"BreadcrumbList","@id":"https:\/\/franciscansinternational.org\/it\/reflection\/riflessioni-quaresimali-sette-ultime-parole-sette-azioni\/#breadcrumb","itemListElement":[{"@type":"ListItem","position":1,"name":"Home","item":"https:\/\/franciscansinternational.org\/it\/"},{"@type":"ListItem","position":2,"name":"Riflessioni spirituali","item":"https:\/\/franciscansinternational.org\/it\/reflection\/"},{"@type":"ListItem","position":3,"name":"Riflessioni quaresimali: Sette Ultime Parole Sette Azioni"}]},{"@type":"WebSite","@id":"https:\/\/franciscansinternational.org\/it\/#website","url":"https:\/\/franciscansinternational.org\/it\/","name":"Franciscans International (IT)","description":"Just another Franciscans International site","publisher":{"@id":"https:\/\/franciscansinternational.org\/it\/#organization"},"potentialAction":[{"@type":"SearchAction","target":{"@type":"EntryPoint","urlTemplate":"https:\/\/franciscansinternational.org\/it\/?s={search_term_string}"},"query-input":{"@type":"PropertyValueSpecification","valueRequired":true,"valueName":"search_term_string"}}],"inLanguage":"it-IT"},{"@type":"Organization","@id":"https:\/\/franciscansinternational.org\/it\/#organization","name":"Franciscans International","url":"https:\/\/franciscansinternational.org\/it\/","logo":{"@type":"ImageObject","inLanguage":"it-IT","@id":"https:\/\/franciscansinternational.org\/it\/#\/schema\/logo\/image\/","url":"https:\/\/franciscansinternational.org\/wp-content\/uploads\/sites\/2\/2023\/05\/logo-3.png","contentUrl":"https:\/\/franciscansinternational.org\/wp-content\/uploads\/sites\/2\/2023\/05\/logo-3.png","width":1200,"height":205,"caption":"Franciscans International"},"image":{"@id":"https:\/\/franciscansinternational.org\/it\/#\/schema\/logo\/image\/"},"sameAs":["https:\/\/www.facebook.com\/FranciscansInternational\/","https:\/\/x.com\/FranciscansIntl","https:\/\/www.youtube.com\/channel\/UCexu0i-fWB4wwrlPMCz8_Zg"]}]}},"jetpack_sharing_enabled":true,"_links":{"self":[{"href":"https:\/\/franciscansinternational.org\/it\/wp-json\/wp\/v2\/reflection\/189","targetHints":{"allow":["GET"]}}],"collection":[{"href":"https:\/\/franciscansinternational.org\/it\/wp-json\/wp\/v2\/reflection"}],"about":[{"href":"https:\/\/franciscansinternational.org\/it\/wp-json\/wp\/v2\/types\/reflection"}],"version-history":[{"count":2,"href":"https:\/\/franciscansinternational.org\/it\/wp-json\/wp\/v2\/reflection\/189\/revisions"}],"predecessor-version":[{"id":193,"href":"https:\/\/franciscansinternational.org\/it\/wp-json\/wp\/v2\/reflection\/189\/revisions\/193"}],"wp:featuredmedia":[{"embeddable":true,"href":"https:\/\/franciscansinternational.org\/it\/wp-json\/wp\/v2\/media\/190"}],"wp:attachment":[{"href":"https:\/\/franciscansinternational.org\/it\/wp-json\/wp\/v2\/media?parent=189"}],"curies":[{"name":"wp","href":"https:\/\/api.w.org\/{rel}","templated":true}]}}